{"id":12285,"date":"2019-07-14T16:29:04","date_gmt":"2019-07-14T14:29:04","guid":{"rendered":"http:\/\/mgtiroda.hu\/?page_id=12285"},"modified":"2025-01-07T18:44:39","modified_gmt":"2025-01-07T17:44:39","slug":"az-mgt-alapszabalya","status":"publish","type":"page","link":"https:\/\/mgtiroda.hu\/en\/a-tarsasagrol\/az-mgt-alapszabalya\/","title":{"rendered":"Statutes of HSG"},"content":{"rendered":"<p><div class=\"fusion-fullwidth fullwidth-box fusion-builder-row-1 nonhundred-percent-fullwidth non-hundred-percent-height-scrolling\" style=\"--awb-border-radius-top-left:0px;--awb-border-radius-top-right:0px;--awb-border-radius-bottom-right:0px;--awb-border-radius-bottom-left:0px;--awb-flex-wrap:wrap;\" ><div class=\"fusion-builder-row fusion-row\"><div class=\"fusion-layout-column fusion_builder_column fusion-builder-column-0 fusion_builder_column_1_1 1_1 fusion-one-full fusion-column-first fusion-column-last\" style=\"--awb-bg-size:cover;\"><div class=\"fusion-column-wrapper fusion-column-has-shadow fusion-flex-column-wrapper-legacy\"><div class=\"fusion-text fusion-text-1\"><p style=\"text-align: center;\"><strong>A MAGYAR GASZTROENTEROL\u00d3GIAI T\u00c1RSAS\u00c1G ALAPSZAB\u00c1LYA<\/strong><\/p>\n<p style=\"text-align: center;\">(2022. j\u00fanius 11.)<\/p>\n<p style=\"text-align: center;\"><strong>I. \u00c1LTAL\u00c1NOS RENDELKEZ\u00c9SEK<br \/>\n<\/strong><strong>1. \u00a7<\/strong><\/p>\n<p style=\"text-align: left;\">1] A t\u00e1rsas\u00e1g<\/p>\n<p style=\"text-align: left; padding-left: 40px;\">a. neve magyarul: MAGYAR GASZTROENTEROL\u00d3GIAI T\u00c1RSAS\u00c1G(MGT)<br \/>\nb. Angol elnevez\u00e9s: HUNGARIAN SOCIETY OF GASTROENTEROLOGY(HSGE)<br \/>\nc. sz\u00e9khelye: 1092 BUDAPEST, Kinizsi u. 22. III. em. 7. ajt\u00f3<br \/>\nd. levelez\u00e9si c\u00edm: 1092 BUDAPEST, Kinizsi u. 22. III. em. 7. ajt\u00f3<br \/>\ne. m\u0171k\u00f6d\u00e9si ter\u00fclete: MAGYARORSZ\u00c1G<br \/>\nf. pecs\u00e9tje: k\u00f6riratban a T\u00e1rsas\u00e1g neve, sz\u00e9khelye, alap\u00edt\u00e1s\u00e1nak \u00e9ve (1957) magyarul \u00e9s angolul<\/p>\n<p style=\"text-align: center;\"><strong>2. \u00a7<\/strong><\/p>\n<p style=\"text-align: left;\">1] A T\u00e1rsas\u00e1g egyes\u00fcleti form\u00e1ban m\u0171k\u00f6dik, a T\u00e1rsas\u00e1g jogi szem\u00e9ly.<br \/>\n2] A T\u00e1rsas\u00e1g szervezeti keret\u00e9n bel\u00fcl &#8211; a vezet\u0151s\u00e9g j\u00f3v\u00e1hagy\u00e1s\u00e1val &#8211; szekci\u00f3k m\u0171k\u00f6dnek. A szekci\u00f3k m\u0171k\u00f6d\u00e9s\u00e9nek alapszab\u00e1lyait a szekci\u00f3k tags\u00e1ga alkotja meg;<br \/>\nazokat a T\u00e1rsas\u00e1g vezet\u0151s\u00e9ge hagyja j\u00f3v\u00e1.<\/p>\n<p style=\"text-align: center;\"><strong>II. A T\u00c1RSAS\u00c1G C\u00c9LJA \u00c9S TEV\u00c9KENYS\u00c9GE<\/strong><br \/>\n<strong>3. \u00a7<\/strong><\/p>\n<p style=\"text-align: left;\">1] A T\u00e1rsas\u00e1g c\u00e9lja: a gasztroenterol\u00f3giai szakma fejleszt\u00e9se, a szakma \u00e9rdekeinek v\u00e9delme, a tagok tudom\u00e1nyos \u00e9s szakmai ismeret\u00e9nek b\u0151v\u00edt\u00e9se \u00e9s orvosetikai<br \/>\nnevel\u00e9se \u00e9s a folyamatos ut\u00e1np\u00f3tl\u00e1sk\u00e9pz\u00e9s.<\/p>\n<p style=\"text-align: left;\">A T\u00e1rsas\u00e1g feladata, hogy a tudom\u00e1ny\u00e1g hazai \u00e9s k\u00fclf\u00f6ldi eredm\u00e9nyeit \u00f6sszegy\u0171jtse, tags\u00e1g\u00e1val ismertesse, illetve el\u0151seg\u00edtse azok gyakorlati felhaszn\u00e1l\u00e1s\u00e1t. A T\u00e1rsas\u00e1g a tudom\u00e1ny\u00e1g szubdisciplin\u00e1inak eredm\u00e9nyesebb kutat\u00e1sa \u00e9s m\u0171vel\u00e9se \u00e9rdek\u00e9ben szekci\u00f3kat hoz l\u00e9tre \u00e9s fel\u00fcgyeli azok m\u0171k\u00f6d\u00e9s\u00e9t.<\/p>\n<p style=\"text-align: center;\"><strong>4. \u00a7<\/strong><\/p>\n<p style=\"text-align: left;\">A T\u00e1rsas\u00e1g c\u00e9ljai el\u00e9r\u00e9s\u00e9nek \u00e9rdek\u00e9ben vezet\u0151 szervei \u00fatj\u00e1n<br \/>\na. tagjai \u00e9s vend\u00e9gei sz\u00e1m\u00e1ra rendszeresen el\u0151ad\u00e1sokat, refer\u00e1l\u00f3 \u00e9s vita\u00fcl\u00e9seket, ank\u00e9tokat, szimp\u00f3ziumokat, v\u00e1ndorgy\u0171l\u00e9seket, nagygy\u0171l\u00e9seket, nemzetk\u00f6zi<br \/>\nkonferenci\u00e1kat \u00e9s kongresszusokat rendez;<br \/>\nb. szakfoly\u00f3iratot adhat ki, javaslataival \u00e9s b\u00edr\u00e1lataival seg\u00edti az orvostudom\u00e1nyi k\u00f6nyvkiad\u00e1st;<br \/>\nc. figyelemmel k\u00eds\u00e9ri a szakter\u00fcletet \u00e9rint\u0151 gradu\u00e1lis \u00e9s posztgradu\u00e1lis oktat\u00e1si k\u00e9rd\u00e9seket, javaslatokkal \u00e9s b\u00edr\u00e1latokkal seg\u00edti azok megold\u00e1s\u00e1t;<br \/>\nd. szakter\u00fclet\u00e9t \u00e9rint\u0151 k\u00e9rd\u00e9sekben megkeres\u00e9sre v\u00e9lem\u00e9nyt nyilv\u00e1n\u00edt, illet\u0151leg javaslataival seg\u00edti az \u00e1llami szervek (d\u00f6nt\u00e9shoz\u00f3k, finansz\u00edroz\u00f3k), a szakmai koll\u00e9gium \u00e9s tagozatai valamint a Magyar Orvosi Kamara munk\u00e1j\u00e1t, azokkal rendszeres kapcsolatot tart fenn;<br \/>\ne. feladatai megold\u00e1sa \u00e9rdek\u00e9ben p\u00e1ly\u00e1zatokat hirdethet, jutalmakat t\u0171zhet ki, eml\u00e9k\u00e9rmeket \u00e9s d\u00edjakat alap\u00edthat;<br \/>\nf. a T\u00e1rsas\u00e1g a c\u00e9ljai el\u00e9r\u00e9s\u00e9hez sz\u00fcks\u00e9ges gazdas\u00e1gi felt\u00e9telek biztos\u00edt\u00e1sa \u00e9rdek\u00e9ben gazdas\u00e1gi v\u00e1llalkoz\u00e1si tev\u00e9kenys\u00e9get folytathat, tudom\u00e1nyos ki\u00e1ll\u00edt\u00e1sokat, szakmai szimp\u00f3ziumokat rendezhet, a rendezv\u00e9nyein r\u00e9szv\u00e9teli d\u00edjat szabhat meg;<br \/>\ng. sz\u00fcks\u00e9g szerint bevonja t\u00e1rsadalmi munk\u00e1j\u00e1ba mindazokat a szakembereket, akik felk\u00e9sz\u00fclts\u00e9g\u00fckn\u00e9l fogva a t\u00e1rsas\u00e1g c\u00e9lkit\u0171z\u00e9seit el\u0151 tudj\u00e1k mozd\u00edtani;<br \/>\nh. k\u00e9pviselteti mag\u00e1t bel- \u00e9s k\u00fclf\u00f6ldi tudom\u00e1nyos \u00fcl\u00e9seken, konferenci\u00e1kon, szimp\u00f3ziumokon, kongresszusokon;<br \/>\ni. mint \u00f6n\u00e1ll\u00f3 jogi szem\u00e9ly, tagk\u00e9nt bel\u00e9phet mindazon szervezetekbe, melyek a gasztroenterol\u00f3gia t\u00e1rgyk\u00f6r\u00e9ben m\u0171k\u00f6dnek, illetve amelyek alapszab\u00e1ly\u00e1ban megfogalmazott c\u00e9ljai \u00f6sszhangban \u00e1llnak a t\u00e1rsas\u00e1g c\u00e9lkit\u0171z\u00e9seivel;<br \/>\nj. a lehet\u0151s\u00e9geknek megfelel\u0151en r\u00e9szt vesz az Orvosi Kamara munk\u00e1j\u00e1ban.<br \/>\nk. honlapj\u00e1n hirdet\u00e9seket helyezhet el,<br \/>\nl. a rendelkez\u00e9sre \u00e1ll\u00f3 anyagi eszk\u00f6z\u00f6ket az eml\u00edtett c\u00e9lok \u00e9rdek\u00e9ben haszn\u00e1lja fel.<\/p>\n<p style=\"text-align: center;\"><strong>A T\u00c1RSAS\u00c1G TAGJAI<\/strong><br \/>\n<strong>5. \u00a7<\/strong><\/p>\n<p style=\"text-align: left;\">1] A T\u00e1rsas\u00e1g tagjai lehetnek:<\/p>\n<p style=\"text-align: left; padding-left: 40px;\">a. rendes tagok,<br \/>\nb. tiszteletbeli tagok,<\/p>\n<p style=\"text-align: left;\">2] Rendes tag lehet a T\u00e1rsas\u00e1g tudom\u00e1ny\u00e1g\u00e1nak m\u0171vel\u0151je vagy gyakorlati alkalmaz\u00f3ja, aki k\u00f6telezi mag\u00e1t a tags\u00e1g alapszab\u00e1ly\u00e1nak megtart\u00e1s\u00e1ra, felv\u00e9tel\u00e9t bel\u00e9p\u00e9si nyilatkozatban k\u00e9ri, \u00e9s a t\u00e1rsas\u00e1g tagjai sor\u00e1ba felveszik. A bel\u00e9p\u00e9si nyilatkozatot a vezet\u0151s\u00e9ghez kell beny\u00fajtani. A vezet\u0151s\u00e9g a tagfelv\u00e9teli k\u00e9relmekr\u0151l a be\u00e9rkez\u00e9st k\u00f6vet\u0151 \u00fcl\u00e9s\u00e9negyszer\u0171 sz\u00f3t\u00f6bbs\u00e9ggel, ny\u00edlt szavaz\u00e1ssal hat\u00e1roz. Hat\u00e1rozat\u00e1t annak meghozatal\u00e1t k\u00f6vet\u0151 8 napon bel\u00fcl \u00edr\u00e1sba foglaltan, igazolt m\u00f3don kell megk\u00fcldeni a tagfelv\u00e9telt k\u00e9relmez\u0151 sz\u00e1m\u00e1ra. A tagfelv\u00e9teli k\u00e9relem elutas\u00edt\u00e1sa eset\u00e9n jogorvoslatnak helye van, amit a k\u00f6zgy\u0171l\u00e9shez kell beny\u00fajtani.<br \/>\n3] Tiszteletbeli tag lehet az a magyar vagy k\u00fclf\u00f6ldi \u00e1llampolg\u00e1r, aki a T\u00e1rsas\u00e1g tudom\u00e1ny\u00e1g\u00e1nak valamelyik\u00e9ben kiemelked\u0151 eredm\u00e9nyeket \u00e9rt el.<br \/>\n4] A tiszteletbeli tagot a T\u00e1rsas\u00e1g vezet\u0151s\u00e9g\u00e9nek aj\u00e1nl\u00e1s\u00e1ra a k\u00f6zgy\u0171l\u00e9s v\u00e1lasztja.<\/p>\n<p style=\"text-align: center;\"><strong>6. \u00a7<\/strong><\/p>\n<p style=\"text-align: left;\">1] A T\u00e1rsas\u00e1g tagjai jogaikat szem\u00e9lyesen vagy meghatalmazott \u00fatj\u00e1n gyakorolj\u00e1k. A meghatalmaz\u00e1st teljes bizony\u00edt\u00f3 erej\u0171 mag\u00e1nokiratba vagy k\u00f6zokiratba kell foglalni.<br \/>\n2] A rendes tagokat egyenl\u0151 jogok illetik meg.<\/p>\n<p style=\"text-align: left; padding-left: 40px;\">Jogosultak:<br \/>\na.\/ a t\u00e1rsas\u00e1g tev\u00e9kenys\u00e9g\u00e9ben r\u00e9szt venni<br \/>\nb.\/ a t\u00e1rsas\u00e1g szolg\u00e1ltat\u00e1sait ig\u00e9nybe venni<br \/>\nc.\/ a k\u00f6zgy\u0171l\u00e9sen r\u00e9szt venni, szavazati jog\u00e1t gyakorolni, a k\u00f6zgy\u0171l\u00e9s rendj\u00e9nek megfelel\u0151en felsz\u00f3lalni, k\u00e9rd\u00e9seket feltenni, javaslatokat \u00e9s \u00e9szrev\u00e9teleket tenni<br \/>\nd.\/ a t\u00e1rsas\u00e1g irataiba betekintetni<br \/>\ne.\/ jogosult arra, hogy a t\u00e1rsas\u00e1g tiszts\u00e9gvisel\u0151j\u00e9v\u00e9 v\u00e1lassz\u00e1k, amennyiben vele szemben jogszab\u00e1lyban meghat\u00e1rozott kiz\u00e1r\u00f3 ok nem \u00e1ll fenn.<\/p>\n<p style=\"text-align: left;\">A k\u00f6zgy\u0171l\u00e9sen valamennyi szavaz\u00e1sra jogosult tag egy szavazattal rendelkezik.<br \/>\nA tiszteletbeli tag a t\u00e1rsas\u00e1g szerveinek \u00fcl\u00e9s\u00e9n tan\u00e1cskoz\u00e1si joggal vehet r\u00e9szt \u00e9s vezet\u0151<br \/>\ntiszts\u00e9gvisel\u0151v\u00e9 nem v\u00e1laszthat\u00f3.<\/p>\n<p style=\"text-align: center;\"><strong>7. \u00a7<\/strong><\/p>\n<p style=\"text-align: left;\">A T\u00e1rsas\u00e1g rendes \u00e9s tiszteletbeli tagjai egyar\u00e1nt k\u00f6telesek az alapszab\u00e1ly rendelkez\u00e9seit, valamint a k\u00f6zgy\u0171l\u00e9s hat\u00e1rozatait megtartani \u00e9s a t\u00e1rsas\u00e1g c\u00e9lkit\u0171z\u00e9seit el\u0151mozd\u00edtani.<br \/>\nK\u00f6telesek a meg\u00e1llap\u00edtott tagd\u00edjat rendszeresen fizetni, \u00e9s a nyilv\u00e1ntartott adataikban t\u00f6rt\u00e9n\u0151 v\u00e1ltoz\u00e1sokat 30 napon bel\u00fcl a vezet\u0151s\u00e9ghez bejelenteni.<\/p>\n<p style=\"text-align: center;\"><strong>8. \u00a7<\/strong><\/p>\n<p style=\"text-align: left;\">1] A tags\u00e1g megsz\u0171nik:<\/p>\n<p style=\"text-align: left; padding-left: 40px;\">a. kil\u00e9p\u00e9s,<br \/>\nb. kiz\u00e1r\u00e1s,<br \/>\nc. elhal\u00e1loz\u00e1s folyt\u00e1n<\/p>\n<p style=\"text-align: left;\">2] Kil\u00e9p\u00e9s: A tag kil\u00e9p\u00e9si sz\u00e1nd\u00e9k\u00e1t az eln\u00f6knek vagy f\u0151titk\u00e1rnak \u00edr\u00e1sban tartozik bejelenteni.<br \/>\nA tags\u00e1gi jogviszony a kil\u00e9p\u0151 nyilatkozatnak az eln\u00f6kh\u00f6z\/f\u0151titk\u00e1rhoz val\u00f3 meg\u00e9rkez\u00e9se napj\u00e1n sz\u0171nik meg.<\/p>\n<p style=\"text-align: left;\">3] Kiz\u00e1r\u00e1s: A kiz\u00e1r\u00e1si elj\u00e1r\u00e1st b\u00e1rmely tag vagy t\u00e1ras\u00e1gi szerv kezdem\u00e9nyez\u00e9s\u00e9re a vezet\u0151s\u00e9g folytatja le. A kiz\u00e1r\u00e1si elj\u00e1r\u00e1sban a tagot a vezet\u0151s\u00e9g \u00fcl\u00e9s\u00e9re igazolhat\u00f3 m\u00f3don meg kell h\u00edvni, azzal a figyelmeztet\u00e9ssel, hogy a szab\u00e1lyszer\u0171 megh\u00edv\u00e1sa ellen\u00e9re t\u00f6rt\u00e9n\u0151 t\u00e1volmarad\u00e1sa az \u00fcl\u00e9s megtart\u00e1s\u00e1t \u00e9s a hat\u00e1rozathozatalt nem akad\u00e1lyozza. Az \u00fcl\u00e9sen biztos\u00edtani kell sz\u00e1m\u00e1ra a v\u00e9dekez\u00e9si lehet\u0151s\u00e9get. Az \u00fcl\u00e9sen a tag k\u00e9pvisel\u0151vel is k\u00e9pviseltetheti mag\u00e1t. A tag kiz\u00e1r\u00e1s\u00e1t kimond\u00f3 hat\u00e1rozatot a vezet\u0151s\u00e9g hozza egyszer\u0171 t\u00f6bbs\u00e9gi szavaz\u00e1ssal.<\/p>\n<p style=\"text-align: left;\">A hat\u00e1rozatot \u00edr\u00e1sba kell foglalni \u00e9s indokol\u00e1ssal kell ell\u00e1tni; melynek tartalmaznia kell a kiz\u00e1r\u00e1s alapj\u00e1ul szolg\u00e1l\u00f3 t\u00e9nyeket \u00e9s bizony\u00edt\u00e9kokat, tov\u00e1bb\u00e1 a jogorvoslati lehet\u0151s\u00e9gr\u0151l val\u00f3 t\u00e1j\u00e9koztat\u00e1st. A vezet\u0151s\u00e9g a kiz\u00e1r\u00e1sr\u00f3l sz\u00f3l\u00f3 hat\u00e1rozatot a tagkiz\u00e1r\u00e1si elj\u00e1r\u00e1s megindul\u00e1s\u00e1t\u00f3l sz\u00e1m\u00edtott 30 napon bel\u00fcl meghozza \u00e9s 15 napon bel\u00fcl igazolhat\u00f3 m\u00f3don k\u00f6zli az \u00e9rintett taggal. A kiz\u00e1rt tag a kiz\u00e1r\u00e1st kimond\u00f3 els\u0151fok\u00fa hat\u00e1rozat ellen, a k\u00e9zbes\u00edt\u00e9st\u0151l sz\u00e1m\u00edtott 15 napon bel\u00fcl a t\u00e1rsas\u00e1g k\u00f6zgy\u0171l\u00e9s\u00e9hez fellebbez\u00e9ssel \u00e9lhet. A fellebbez\u00e9s be\u00e9rkez\u00e9s\u00e9t k\u00f6vet\u0151en a vezet\u0151s\u00e9gnek halad\u00e9ktalanul, de legk\u00e9s\u0151bb 30 napon bel\u00fcli id\u0151pontra \u00f6ssze kell<br \/>\nh\u00edvnia a rendk\u00edv\u00fcli k\u00f6zgy\u0171l\u00e9st. A k\u00f6zgy\u0171l\u00e9s ny\u00edlt szavaz\u00e1ssal, egyszer\u0171 sz\u00f3t\u00f6bbs\u00e9ggel d\u00f6nt. A k\u00f6zgy\u0171l\u00e9s hat\u00e1rozat\u00e1t annak meghozatalakor sz\u00f3ban kihirdeti<br \/>\n\u00e9s 8 napon bel\u00fcl \u00edr\u00e1sban, igazolhat\u00f3 m\u00f3don is k\u00f6zli az \u00e9rintett taggal.<\/p>\n<p style=\"text-align: left;\">A kiz\u00e1r\u00e1si elj\u00e1r\u00e1s megind\u00edt\u00e1s\u00e1nak indokai:<br \/>\n(a) A tagd\u00edj fizet\u00e9s\u00e9nek 1 \u00e9vn\u00e9l hosszabb ideig t\u00f6rt\u00e9n\u0151 elmulaszt\u00e1sa.<br \/>\n(b) A tagnak a T\u00e1rsas\u00e1g m\u0171k\u00f6d\u00e9s\u00e9vel \u00f6ssze nem egyeztethet\u0151 magatart\u00e1sa, illetve a T\u00e1rsas\u00e1g m\u0171k\u00f6d\u00e9s\u00e9t akad\u00e1lyoz\u00f3 tev\u00e9kenys\u00e9ge<\/p>\n<p style=\"text-align: center;\"><strong>A T\u00c1RSAS\u00c1G VEZET\u0150 SZERVEI<\/strong><br \/>\n<strong>9. \u00a7<\/strong><\/p>\n<p style=\"text-align: left;\">A T\u00e1rsas\u00e1g d\u00f6nt\u00e9shoz\u00f3 szervei:<\/p>\n<p style=\"text-align: left; padding-left: 40px;\">&#8211; a k\u00f6zgy\u0171l\u00e9s<br \/>\n&#8211; a vezet\u0151s\u00e9g<\/p>\n<p style=\"text-align: center;\"><strong>K\u00d6ZGY\u0170L\u00c9S<\/strong><br \/>\n<strong>10. \u00a7<\/strong><\/p>\n<p style=\"text-align: left;\">1] A T\u00e1rsas\u00e1g legf\u0151bb d\u00f6nt\u00e9shoz\u00f3 szerve a k\u00f6zgy\u0171l\u00e9s: a tagok \u00f6sszess\u00e9g\u00e9b\u0151l alakul.<br \/>\n2] A k\u00f6zgy\u0171l\u00e9s hat\u00e1sk\u00f6re:<br \/>\na. megalkotja, illetve m\u00f3dos\u00edtja a t\u00e1rsas\u00e1g alapszab\u00e1ly\u00e1t;<br \/>\nb. megvitatja a t\u00e1rsas\u00e1g elm\u00falt id\u0151szakban v\u00e9gzett munk\u00e1j\u00e1r\u00f3l sz\u00f3l\u00f3<br \/>\nbesz\u00e1mol\u00f3kat, \u00e9s meghat\u00e1rozza a k\u00f6vetkez\u0151 id\u0151szak legfontosabb<br \/>\nfeladatait;<br \/>\nc. megt\u00e1rgyalja \u00e9s hat\u00e1roz a t\u00e1rsas\u00e1g \u00e9vi k\u00f6lts\u00e9gvet\u00e9s\u00e9r\u0151l \u00e9s<br \/>\nz\u00e1rsz\u00e1mad\u00e1s\u00e1r\u00f3l;<br \/>\nd. megv\u00e1lasztja a vezet\u0151s\u00e9g, tagjait, p\u00f3ttagjait,<br \/>\ne. d\u00f6nt mindazokban az \u00fcgyekben, melyeket a jogszab\u00e1ly vagy jelen<br \/>\nalapszab\u00e1ly hat\u00e1sk\u00f6r\u00e9be utal;<br \/>\nf. M\u00e1sodfokon hat\u00e1rozatot hoz a rendes tagok tagfelv\u00e9tele \u00e9s a tagkiz\u00e1r\u00e1s<br \/>\n\u00fcgy\u00e9ben.<br \/>\ng. a vezet\u0151s\u00e9g aj\u00e1nl\u00e1s\u00e1ra tiszteletbeli tagot v\u00e1laszt.<br \/>\n3] A T\u00e1rsas\u00e1g v\u00e1lasztott szervei a k\u00f6zgy\u0171l\u00e9snek besz\u00e1mol\u00e1si k\u00f6telezetts\u00e9ggel \u00e9s<br \/>\nfelel\u0151ss\u00e9ggel tartoznak.<\/p>\n<p style=\"text-align: center;\">11. \u00a7<\/p>\n<p style=\"text-align: left;\">1] A k\u00f6zgy\u0171l\u00e9slehet rendes vagy rendk\u00edv\u00fcli; a rendes k\u00f6zgy\u0171l\u00e9st \u00e9venk\u00e9nt, kell tartani.<br \/>\n2] A rendk\u00edv\u00fcli k\u00f6zgy\u0171l\u00e9s \u00f6sszeh\u00edv\u00e1s\u00e1t a vezet\u0151s\u00e9g kezdem\u00e9nyezi. Ez t\u00f6rt\u00e9nhet a<br \/>\nvezet\u0151s\u00e9g tagjainak egyszer\u0171 t\u00f6bbs\u00e9ggel meghozott hat\u00e1rozata alapj\u00e1n, vagy akkor,<br \/>\nha a T\u00e1rsas\u00e1g rendes tagjainak egyharmada ezt \u00edr\u00e1sban k\u00e9ri. A rendk\u00edv\u00fcli k\u00f6zgy\u0171l\u00e9st<br \/>\nez ut\u00f3bbi esetben 30 napon bel\u00fcl kell \u00f6sszeh\u00edvni.<\/p>\n<p style=\"text-align: center;\">12. \u00a7<\/p>\n<p style=\"text-align: left;\">A k\u00f6zgy\u0171l\u00e9st a vezet\u0151s\u00e9g legal\u00e1bb 15 nappal az \u00fcl\u00e9s id\u0151pontja el\u0151tt kik\u00fcld\u00f6tt<br \/>\nmegh\u00edv\u00f3val, els\u0151dlegesen a T\u00e1rsas\u00e1g sz\u00e9khely\u00e9re h\u00edvja \u00f6ssze \u00edr\u00e1sban, igazolhat\u00f3<br \/>\nm\u00f3don. \u00cdr\u00e1sbeli igazolhat\u00f3 m\u00f3don t\u00f6rt\u00e9n\u0151 k\u00e9zbes\u00edt\u00e9snek min\u0151s\u00fcl: pl. a tagnak az<br \/>\nelektronikus levelez\u00e9si c\u00edm\u00e9re t\u00f6rt\u00e9n\u0151 k\u00e9zbes\u00edt\u00e9s azzal, hogy a k\u00e9zbes\u00edt\u00e9s<br \/>\nvisszaigazol\u00e1sra ker\u00fclj\u00f6n (elektronikus t\u00e9rtivev\u00e9ny).<br \/>\nHa a k\u00f6zgy\u0171l\u00e9st nem szab\u00e1lyszer\u0171en h\u00edvt\u00e1k \u00f6ssze, az \u00fcl\u00e9st akkor lehet megtartani,<br \/>\nha az \u00fcl\u00e9sen a r\u00e9szv\u00e9telre jogosultak legal\u00e1bb h\u00e1romnegyede jelen van, \u00e9s<br \/>\negyhang\u00falag hozz\u00e1j\u00e1rul az \u00fcl\u00e9s megtart\u00e1s\u00e1hoz.<br \/>\nA k\u00f6zgy\u0171l\u00e9si megh\u00edv\u00f3 tartalmazza a T\u00e1rsas\u00e1g nev\u00e9t, sz\u00e9khely\u00e9t, a k\u00f6zgy\u0171l\u00e9s<br \/>\nhely\u00e9t, idej\u00e9t \u00e9s a javasolt napirendi pontokat. A napirendi pontokat a megh\u00edv\u00f3ban<br \/>\nlegal\u00e1bb olyan r\u00e9szletezetts\u00e9ggel kell r\u00f6gz\u00edteni, hogy a szavaz\u00e1sra jogosult tagok<br \/>\n\u00e1ll\u00e1spontjukat kialak\u00edthass\u00e1k. A megh\u00edv\u00f3nak tartalmaznia kell tov\u00e1bb\u00e1 a k\u00f6zgy\u0171l\u00e9s<br \/>\nhat\u00e1rozatk\u00e9ptelens\u00e9ge eset\u00e9re a megism\u00e9telt k\u00f6zgy\u0171l\u00e9s helysz\u00edn\u00e9t \u00e9s id\u0151pontj\u00e1t, \u00e9s<br \/>\naz arra t\u00f6rt\u00e9n\u0151 felh\u00edv\u00e1st, hogy a megism\u00e9telt k\u00f6zgy\u0171l\u00e9s az eredeti napirendi pontok<br \/>\ntekintet\u00e9ben a megjelentek sz\u00e1m\u00e1ra tekintet n\u00e9lk\u00fcl hat\u00e1rozatk\u00e9pes lesz. Ha a<br \/>\nhat\u00e1rozatk\u00e9ptelens\u00e9g miatt megism\u00e9telt k\u00f6zgy\u0171l\u00e9s nem az eredeti k\u00f6zgy\u0171l\u00e9s<br \/>\nid\u0151pontj\u00e1val egyez\u0151 napon ker\u00fcl megtart\u00e1sra, \u00fagy a tagok r\u00e9sz\u00e9re \u00faj megh\u00edv\u00f3t kell<br \/>\nk\u00fcldeni, melyben ism\u00e9t t\u00e1j\u00e9koztatni kell \u0151ket a t\u00e1volmarad\u00e1suk k\u00f6vetkezm\u00e9nyeir\u0151l.<br \/>\nA k\u00f6zgy\u0171l\u00e9si megh\u00edv\u00f3t a T\u00e1rsas\u00e1g sz\u00e9khely\u00e9n \u00e9s honlapj\u00e1n nyilv\u00e1noss\u00e1gra kell<br \/>\nhozni.<br \/>\nA k\u00f6zgy\u0171l\u00e9s hat\u00e1rozatk\u00e9pes, ha azon a leadhat\u00f3 szavazatok t\u00f6bb mint fel\u00e9t<br \/>\nk\u00e9pvisel\u0151 szavaz\u00e1sra jogosult r\u00e9szt vesz. A hat\u00e1rozatk\u00e9pess\u00e9get minden<br \/>\nhat\u00e1rozathozataln\u00e1l vizsg\u00e1lni kell.<br \/>\nA k\u00f6zgy\u0171l\u00e9s megnyit\u00e1s\u00e1t k\u00f6vet\u0151en els\u0151dlegesen meg kell \u00e1llap\u00edtani a<br \/>\nhat\u00e1rozatk\u00e9pess\u00e9get, vagyis az aktu\u00e1lis tagl\u00e9tsz\u00e1mhoz k\u00e9pest a megjelent \u00e9s<br \/>\nszavaz\u00e1sra jogosult tagok sz\u00e1m\u00e1t. A k\u00f6zgy\u0171l\u00e9s a napirendi pontok t\u00e1rgyal\u00e1s\u00e1t<br \/>\nmegel\u0151z\u0151en egyszer\u0171 sz\u00f3t\u00f6bbs\u00e9ggel, ny\u00edlt szavaz\u00e1ssal megv\u00e1lasztja a levezet\u0151<br \/>\neln\u00f6k szem\u00e9ly\u00e9t, tov\u00e1bb\u00e1 a jegyz\u0151k\u00f6nyvvezet\u0151 \u00e9s k\u00e9t jegyz\u0151k\u00f6nyv hiteles\u00edt\u0151<br \/>\nszem\u00e9ly\u00e9t, valamint sz\u00fcks\u00e9g eset\u00e9n a h\u00e1rom f\u0151s szavazatsz\u00e1ml\u00e1l\u00f3 bizotts\u00e1got.<br \/>\nA k\u00f6zgy\u0171l\u00e9sen megjelent tagokr\u00f3l jelenl\u00e9ti \u00edvet kell k\u00e9sz\u00edteni, amelyen fel kell<br \/>\nt\u00fcntetni a tag, valamint \u2013 ha az alapszab\u00e1ly a k\u00e9pvisel\u0151 \u00fatj\u00e1n t\u00f6rt\u00e9n\u0151 r\u00e9szv\u00e9telt<br \/>\nlehet\u0151v\u00e9 teszi \u2013 k\u00e9pvisel\u0151je nev\u00e9t \u00e9s lak\u00f3hely\u00e9t vagy sz\u00e9khely\u00e9t. A jelenl\u00e9ti \u00edvet a<br \/>\nk\u00f6zgy\u0171l\u00e9s levezet\u0151 eln\u00f6ke \u00e9s a jegyz\u0151k\u00f6nyvvezet\u0151 al\u00e1\u00edr\u00e1s\u00e1val hiteles\u00edti.<br \/>\nA k\u00f6zgy\u0171l\u00e9sen a tag jogosult meghatalmazott k\u00e9pvisel\u0151je \u00fatj\u00e1n is r\u00e9szt venni.<br \/>\nAmennyiben valaki meghatalmaz\u00e1s \u00fatj\u00e1n t\u00f6bb tagot is k\u00e9pvisel, \u00fagy minden egyes<br \/>\nmeghatalmaz\u00f3nak k\u00fcl\u00f6n kell sz\u00e1m\u00e1ra meghatalmaz\u00e1st adnia. A<br \/>\nmeghatalmaz\u00e1s(oka)t ilyen esetben csatolni kell a jelenl\u00e9ti \u00edvhez \u00e9s a<br \/>\njegyz\u0151k\u00f6nyvben r\u00f6gz\u00edteni kell a meghatalmazott \u00e1ltal k\u00e9pviselt szavazatsz\u00e1mot.<br \/>\nA k\u00f6zgy\u0171l\u00e9sr\u0151l jegyz\u0151k\u00f6nyvet kell k\u00e9sz\u00edteni, amely tartalmazza<br \/>\na) a T\u00e1rsas\u00e1g nev\u00e9t \u00e9s sz\u00e9khely\u00e9t;<br \/>\nb) a k\u00f6zgy\u0171l\u00e9s hely\u00e9t \u00e9s idej\u00e9t;<br \/>\nc) a k\u00f6zgy\u0171l\u00e9s levezet\u0151 eln\u00f6k\u00e9nek, a jegyz\u0151k\u00f6nyvvezet\u0151nek, a jegyz\u0151k\u00f6nyv<br \/>\nhiteles\u00edt\u0151inek a nev\u00e9t;<br \/>\nd) a k\u00f6zgy\u0171l\u00e9sen lezajlott fontosabb esem\u00e9nyeket, az elhangzott ind\u00edtv\u00e1nyokat;<br \/>\ne) a hat\u00e1rozati javaslatokat, a leadott szavazatok \u00e9s ellenszavazatok, valamint a<br \/>\nszavaz\u00e1st\u00f3ltart\u00f3zkod\u00f3k sz\u00e1m\u00e1t.<br \/>\nA jegyz\u0151k\u00f6nyvet a jegyz\u0151k\u00f6nyvvezet\u0151 \u00e9s a k\u00f6zgy\u0171l\u00e9s levezet\u0151 eln\u00f6ke \u00edrja al\u00e1, \u00e9s<br \/>\nk\u00e9t erre megv\u00e1lasztott, jelen l\u00e9v\u0151 tag hiteles\u00edti.<br \/>\nA tagok hat\u00e1rozatukat a hat\u00e1rozatk\u00e9pess\u00e9g meg\u00e1llap\u00edt\u00e1s\u00e1n\u00e1l figyelembe vett<br \/>\nszavazatok t\u00f6bbs\u00e9g\u00e9vel hozz\u00e1k meg.<br \/>\nA hat\u00e1rozat meghozatalakor nem szavazhat az,<br \/>\na) akit a hat\u00e1rozat k\u00f6telezetts\u00e9g vagy felel\u0151ss\u00e9g al\u00f3l mentes\u00edt vagy a jogi szem\u00e9ly<br \/>\nterh\u00e9re m\u00e1sfajta el\u0151nyben r\u00e9szes\u00edt;<br \/>\nb) akivel a hat\u00e1rozat szerint szerz\u0151d\u00e9st kell k\u00f6tni;<br \/>\nc) aki ellen a hat\u00e1rozat alapj\u00e1n pertkell ind\u00edtani;<br \/>\nd) akinek olyan hozz\u00e1tartoz\u00f3ja \u00e9rdekelt a d\u00f6nt\u00e9sben, aki a t\u00e1rsas\u00e1gnak nem tagja;<br \/>\ne) aki a d\u00f6nt\u00e9sben \u00e9rdekelt m\u00e1s szervezettel t\u00f6bbs\u00e9gi befoly\u00e1son alapul\u00f3<br \/>\nkapcsolatban \u00e1ll; vagy<br \/>\nf) aki egy\u00e9bk\u00e9nt szem\u00e9lyesen \u00e9rdekelt a d\u00f6nt\u00e9sben.<br \/>\nA k\u00f6zgy\u0171l\u00e9s hat\u00e1rozat\u00e1t \u2013 az alapszab\u00e1ly vagy t\u00f6rv\u00e9ny elt\u00e9r\u0151 rendelkez\u00e9se<br \/>\nhi\u00e1ny\u00e1ban \u2013 egyszer\u0171 sz\u00f3t\u00f6bbs\u00e9ggel, ny\u00edlt szavaz\u00e1ssal hozza. A T\u00e1rsas\u00e1g<br \/>\nalapszab\u00e1ly\u00e1nak m\u00f3dos\u00edt\u00e1s\u00e1hoz, a t\u00e1rsas\u00e1g egyes\u00fcl\u00e9s\u00e9hez \u00e9s sz\u00e9tv\u00e1l\u00e1s\u00e1hoz a<br \/>\nk\u00f6zgy\u0171l\u00e9s h\u00e1romnegyedes sz\u00f3t\u00f6bbs\u00e9ggel hozott hat\u00e1rozata sz\u00fcks\u00e9ges. A t\u00e1rsas\u00e1g<br \/>\nc\u00e9lj\u00e1nak m\u00f3dos\u00edt\u00e1s\u00e1hoz \u00e9s a t\u00e1rsas\u00e1g megsz\u0171n\u00e9s\u00e9r\u0151l sz\u00f3l\u00f3 k\u00f6zgy\u0171l\u00e9si d\u00f6nt\u00e9shez a<br \/>\nszavazati joggal rendelkez\u0151 tagok h\u00e1romnegyedes sz\u00f3t\u00f6bbs\u00e9ggel hozott hat\u00e1rozata<br \/>\nsz\u00fcks\u00e9ges.<br \/>\nA k\u00f6zgy\u0171l\u00e9si hat\u00e1rozatokat a levezet\u0151 eln\u00f6k a k\u00f6zgy\u0171l\u00e9sen sz\u00f3ban kihirdeti \u00e9s az<br \/>\n\u00e9rintett tag(g\/okk)al a hat\u00e1rozat meghozatal\u00e1t k\u00f6vet\u0151 8 napon bel\u00fcl \u00edr\u00e1sban,<br \/>\nigazolhat\u00f3 m\u00f3don is k\u00f6zli a hat\u00e1rozatnak a t\u00e1rsas\u00e1g honlapj\u00e1n t\u00f6rt\u00e9n\u0151<br \/>\nk\u00f6zz\u00e9t\u00e9tel\u00e9vel egyidej\u0171leg.<\/p>\n<p style=\"text-align: center;\"><strong>A VEZET\u0150S\u00c9G<\/strong><br \/>\n<strong>13. \u00a7<\/strong><\/p>\n<p style=\"text-align: left;\">1] A T\u00e1rsas\u00e1g vezet\u0151s\u00e9g\u00e9t (tov\u00e1bbiakban vezet\u0151s\u00e9g) a k\u00f6zgy\u0171l\u00e9s titkos szavaz\u00e1ssal<br \/>\nv\u00e1lasztja kett\u0151 \u00e9vre. Az eln\u00f6k \u00e9s a v\u00e1lasztott eln\u00f6k automatikusan tagja a k\u00f6vetkez\u0151<br \/>\nvezet\u0151s\u00e9gnek. Az \u00faj vezet\u0151s\u00e9gbe 58 f\u0151 ker\u00fcl bev\u00e1laszt\u00e1sra. A Jel\u00f6l\u0151bizotts\u00e1got az<br \/>\nEln\u00f6ks\u00e9g k\u00e9ri fel, akik elk\u00e9sz\u00edtik a jel\u00f6l\u0151list\u00e1t az MGT \u00e1lland\u00f3 irod\u00e1j\u00e1nak<br \/>\nseg\u00edts\u00e9g\u00e9vel.<br \/>\n2] A vezet\u0151s\u00e9g 60 rendes tagb\u00f3l \u00e1ll. Amennyiben valamelyik szekci\u00f3 eln\u00f6ke nem<br \/>\nker\u00fclne be a vezet\u0151s\u00e9gbe, \u0151t a vezet\u0151s\u00e9gnek jog\u00e1ban \u00e1ll koopt\u00e1lnia tan\u00e1cskoz\u00e1si<br \/>\njoggal.<br \/>\n3] A vezet\u0151s\u00e9g, kiv\u00e9ve az alapszab\u00e1ly-m\u00f3dos\u00edt\u00e1st &#8211; k\u00e9t k\u00f6zgy\u0171l\u00e9s k\u00f6z\u00f6tt &#8211; a k\u00f6zgy\u0171l\u00e9s<br \/>\nhat\u00e1sk\u00f6r\u00e9t gyakorolja, tov\u00e1bb\u00e1<br \/>\na. vezeti a tags\u00e1g munk\u00e1j\u00e1t;<br \/>\nb. a k\u00f6zgy\u0171l\u00e9s hat\u00e1rozatai alapj\u00e1n elk\u00e9sz\u00edti a t\u00e1rsas\u00e1g munkaterv\u00e9t, ellen\u0151rzi<br \/>\nannak v\u00e9grehajt\u00e1s\u00e1t;<br \/>\nc. elk\u00e9sz\u00edti a t\u00e1rsas\u00e1g \u00e9vi k\u00f6lts\u00e9gvet\u00e9s\u00e9t \u00e9s z\u00e1rsz\u00e1mad\u00e1s\u00e1t;<br \/>\nd. el\u0151k\u00e9sz\u00edti a k\u00f6zgy\u0171l\u00e9st \u00e9s az \u00e9ves nemzeti nagygy\u0171l\u00e9st;<br \/>\ne. gondoskodik a k\u00f6zgy\u0171l\u00e9s hat\u00e1rozatainak v\u00e9grehajt\u00e1s\u00e1r\u00f3l;<br \/>\nf. v\u00e9grehajtja a T\u00e1rsas\u00e1g \u00fcgyrendj\u00e9ben foglalt feladatokat;<br \/>\ng. titkos szavaz\u00e1s \u00fatj\u00e1n megv\u00e1lasztja a t\u00e1rsas\u00e1g eln\u00f6k\u00e9t, f\u0151titk\u00e1r\u00e1t \u00e9s<br \/>\ngazdas\u00e1gi titk\u00e1r\u00e1t, illetve d\u00f6nt a visszah\u00edv\u00e1sukr\u00f3l<br \/>\nh. d\u00f6nthet kit\u00fcntet\u00e9sekre, p\u00e1ly\u00e1zatokra, k\u00fclf\u00f6ldi kik\u00fcldet\u00e9sekre, k\u00fclf\u00f6ldi<br \/>\nvend\u00e9gek megh\u00edv\u00e1s\u00e1ra vonatkoz\u00f3an;<br \/>\ni. p\u00e1ly\u00e1zatokat \u00edrhat ki a tags\u00e1g r\u00e9sz\u00e9re,<br \/>\nj. szekci\u00f3k, munkacsoportok \u00e9s bizotts\u00e1gok l\u00e9trehoz\u00e1s\u00e1r\u00f3l hat\u00e1rozhat,<br \/>\nfel\u00fcgyeli ezek m\u0171k\u00f6d\u00e9s\u00e9t<br \/>\nk. elfogadjaa T\u00e1rsas\u00e1g Szervezeti \u00e9s M\u0171k\u00f6d\u00e9si Szab\u00e1lyzat\u00e1t, \u00e9s m\u00f3dos\u00edt\u00e1sait<br \/>\n4] Egy v\u00e1laszt\u00e1si peri\u00f3dus k\u00e9t \u00e9vet jelent.<br \/>\n5] A vezet\u0151s\u00e9g \u00fcl\u00e9seit sz\u00fcks\u00e9g szerint, de \u00e9vente legal\u00e1bb egy alkalommal tartja. A<br \/>\nvezet\u0151s\u00e9gi \u00fcl\u00e9st az eln\u00f6k legal\u00e1bb 15 nappal az \u00fcl\u00e9s id\u0151pontja el\u0151tt kik\u00fcld\u00f6tt<br \/>\nmegh\u00edv\u00f3val h\u00edvja \u00f6ssze \u00edr\u00e1sban, igazolhat\u00f3 m\u00f3don. \u00cdr\u00e1sbeli igazolhat\u00f3 m\u00f3don<br \/>\nt\u00f6rt\u00e9n\u0151 k\u00e9zbes\u00edt\u00e9snek min\u0151s\u00fcl: pl. aj\u00e1nlott vagy t\u00e9rtivev\u00e9nyes k\u00fcldem\u00e9nyk\u00e9nt,<br \/>\ntov\u00e1bb\u00e1 a tagnak az elektronikus levelez\u00e9si c\u00edm\u00e9re t\u00f6rt\u00e9n\u0151 k\u00e9zbes\u00edt\u00e9s azzal, hogy a<br \/>\nk\u00e9zbes\u00edt\u00e9s visszaigazol\u00e1sra ker\u00fclj\u00f6n.<br \/>\nA vezet\u0151s\u00e9gi \u00fcl\u00e9sre sz\u00f3l\u00f3 megh\u00edv\u00f3 tartalmazza a t\u00e1rsas\u00e1g nev\u00e9t, sz\u00e9khely\u00e9t, a<br \/>\nvezet\u0151s\u00e9gi \u00fcl\u00e9s hely\u00e9t, idej\u00e9t \u00e9s a javasolt napirendi pontokat. A napirendi pontokat<br \/>\na megh\u00edv\u00f3ban legal\u00e1bb olyan r\u00e9szletezetts\u00e9ggel kell r\u00f6gz\u00edteni, hogy a vezet\u0151s\u00e9gi<br \/>\ntagok \u00e1ll\u00e1spontjukat kialak\u00edthass\u00e1k.<br \/>\nA vezet\u0151s\u00e9g hat\u00e1rozat\u00e1t egyszer\u0171 sz\u00f3t\u00f6bbs\u00e9ggel, ny\u00edlt szavaz\u00e1ssal hozza.<br \/>\nA vezet\u0151s\u00e9g hat\u00e1rozatk\u00e9pes, ha \u00fcl\u00e9s\u00e9n a szavazati jog\u00e1ban nem korl\u00e1tozott<br \/>\nvezet\u0151s\u00e9gi tagok t\u00f6bb mint a fele jelen van.<br \/>\nA hat\u00e1rozat meghozatalakor nem szavazhat az,<br \/>\na) akit a hat\u00e1rozat k\u00f6telezetts\u00e9g vagy felel\u0151ss\u00e9g al\u00f3l mentes\u00edt vagy a jogi szem\u00e9ly<br \/>\nterh\u00e9re m\u00e1sfajta el\u0151nyben r\u00e9szes\u00edt;<br \/>\nb) akivel a hat\u00e1rozat szerint szerz\u0151d\u00e9st kell k\u00f6tni;<br \/>\nc) aki ellen a hat\u00e1rozat alapj\u00e1n pert kell ind\u00edtani;<br \/>\nd) akinek olyan hozz\u00e1tartoz\u00f3ja \u00e9rdekelt a d\u00f6nt\u00e9sben, aki a t\u00e1rsas\u00e1gnak nem tagja;<br \/>\ne) aki a d\u00f6nt\u00e9sben \u00e9rdekelt m\u00e1s szervezettel t\u00f6bbs\u00e9gi befoly\u00e1son alapul\u00f3<br \/>\nkapcsolatban \u00e1ll; vagy<br \/>\nf) aki egy\u00e9bk\u00e9nt szem\u00e9lyesen \u00e9rdekelt a d\u00f6nt\u00e9sben.<br \/>\nA vezet\u0151s\u00e9g hat\u00e1rozatait a vezet\u0151s\u00e9gi \u00fcl\u00e9sen sz\u00f3ban kihirdeti \u00e9s az \u00e9rintett<br \/>\ntag(g\/okk)al a hat\u00e1rozat meghozatal\u00e1t k\u00f6vet\u0151 8 napon bel\u00fcl \u00edr\u00e1sban, igazolhat\u00f3<br \/>\nm\u00f3don is k\u00f6zli a hat\u00e1rozatoknak a t\u00e1rsas\u00e1g honlapj\u00e1n t\u00f6rt\u00e9n\u0151 k\u00f6zz\u00e9t\u00e9tel\u00e9vel<br \/>\negyidej\u0171leg.<\/p>\n<p style=\"text-align: center;\"><strong>ELN\u00d6KS\u00c9G<\/strong><br \/>\n<strong>14. \u00a7<\/strong><\/p>\n<p style=\"text-align: left;\">1] A T\u00e1rsas\u00e1g eln\u00f6ks\u00e9g\u00e9t 5 f\u0151 alkotja: a v\u00e1lasztott eln\u00f6k, a hivatalban lev\u0151 eln\u00f6k, a<br \/>\nlek\u00f6sz\u00f6n\u0151 eln\u00f6k, a f\u0151titk\u00e1r \u00e9s a gazdas\u00e1gi titk\u00e1r.<br \/>\n2] Az eln\u00f6ks\u00e9g k\u00e9t vezet\u0151s\u00e9gi \u00fcl\u00e9s k\u00f6z\u00f6tt vezeti a t\u00e1rsas\u00e1got.<br \/>\n3] Az eln\u00f6ks\u00e9g v\u00e9gzett munk\u00e1j\u00e1r\u00f3l a vezet\u0151s\u00e9gnek besz\u00e1mol.<br \/>\n4] Az eln\u00f6ks\u00e9g \u00fcl\u00e9s\u00e9re tan\u00e1cskoz\u00e1si joggal az Eg\u00e9szs\u00e9g\u00fcgyi Szakmai Koll\u00e9gium<br \/>\nGasztroenterol\u00f3giai Tagozat\u00e1nak eln\u00f6ke, valamint b\u00e1rmelyik tag megh\u00edvhat\u00f3.<br \/>\nAz eln\u00f6ks\u00e9g a t\u00e1rsas\u00e1g \u00fcgyvezet\u0151 szerve, amely d\u00f6nt mindazon k\u00e9rd\u00e9sekben,<br \/>\namelyet jogszab\u00e1ly vagy alapszab\u00e1ly nem utal a k\u00f6zgy\u0171l\u00e9svagy a vezet\u0151s\u00e9g<br \/>\nkiz\u00e1r\u00f3lagos hat\u00e1sk\u00f6r\u00e9be.<br \/>\nAz eln\u00f6ks\u00e9g \u00fcl\u00e9seit sz\u00fcks\u00e9g szerint, de \u00e9vente legal\u00e1bb egy alkalommal tartja. Az<br \/>\neln\u00f6ks\u00e9gi \u00fcl\u00e9st az eln\u00f6k legal\u00e1bb 15 nappal az \u00fcl\u00e9s id\u0151pontja el\u0151tt kik\u00fcld\u00f6tt<br \/>\nmegh\u00edv\u00f3val, els\u0151dlegesen a t\u00e1rsas\u00e1g sz\u00e9khely\u00e9re h\u00edvja \u00f6ssze \u00edr\u00e1sban, igazolhat\u00f3<br \/>\n8<br \/>\nm\u00f3don. \u00cdr\u00e1sbeli igazolhat\u00f3 m\u00f3don t\u00f6rt\u00e9n\u0151 k\u00e9zbes\u00edt\u00e9snek min\u0151s\u00fcl: pl. aj\u00e1nlott vagy<br \/>\nt\u00e9rtivev\u00e9nyes k\u00fcldem\u00e9nyk\u00e9nt, tov\u00e1bb\u00e1 a tagnak az elektronikus levelez\u00e9si c\u00edm\u00e9re<br \/>\nt\u00f6rt\u00e9n\u0151 k\u00e9zbes\u00edt\u00e9s azzal, hogy a k\u00e9zbes\u00edt\u00e9s visszaigazol\u00e1sra ker\u00fclj\u00f6n.<br \/>\nAz eln\u00f6ks\u00e9gi \u00fcl\u00e9sre sz\u00f3l\u00f3 megh\u00edv\u00f3 tartalmazza a t\u00e1rsas\u00e1g nev\u00e9t, sz\u00e9khely\u00e9t, az<br \/>\neln\u00f6ks\u00e9gi \u00fcl\u00e9s hely\u00e9t, idej\u00e9t \u00e9s a javasolt napirendi pontokat. A napirendi pontokat<br \/>\na megh\u00edv\u00f3ban legal\u00e1bb olyan r\u00e9szletezetts\u00e9ggel kell r\u00f6gz\u00edteni, hogy az eln\u00f6ks\u00e9gi<br \/>\ntagok \u00e1ll\u00e1spontjukat kialak\u00edthass\u00e1k.<br \/>\nAz eln\u00f6ks\u00e9g hat\u00e1rozat\u00e1t egyszer\u0171 sz\u00f3t\u00f6bbs\u00e9ggel, ny\u00edlt szavaz\u00e1ssal hozza. Az<br \/>\neln\u00f6ks\u00e9g hat\u00e1rozatk\u00e9pes, ha \u00fcl\u00e9s\u00e9n a szavazati jog\u00e1ban nem korl\u00e1tozott eln\u00f6ks\u00e9gi<br \/>\ntagok t\u00f6bb mint a fele jelen van.<br \/>\nA hat\u00e1rozat meghozatalakor nem szavazhat az,<br \/>\na) akit a hat\u00e1rozat k\u00f6telezetts\u00e9g vagy felel\u0151ss\u00e9g al\u00f3l mentes\u00edt vagy a jogi szem\u00e9ly<br \/>\nterh\u00e9re m\u00e1sfajta el\u0151nyben r\u00e9szes\u00edt;<br \/>\nb) akivel a hat\u00e1rozat szerint szerz\u0151d\u00e9st kell k\u00f6tni;<br \/>\nc) aki ellen a hat\u00e1rozat alapj\u00e1n pert kell ind\u00edtani;<br \/>\nd) akinek olyan hozz\u00e1tartoz\u00f3ja \u00e9rdekelt a d\u00f6nt\u00e9sben, aki a t\u00e1rsas\u00e1gnak nem tagja;<br \/>\ne) aki a d\u00f6nt\u00e9sben \u00e9rdekelt m\u00e1s szervezettel t\u00f6bbs\u00e9gi befoly\u00e1son alapul\u00f3<br \/>\nkapcsolatban \u00e1ll; vagy<br \/>\nf) aki egy\u00e9bk\u00e9nt szem\u00e9lyesen \u00e9rdekelt a d\u00f6nt\u00e9sben.<br \/>\nAz eln\u00f6ks\u00e9g hat\u00e1rozatait az eln\u00f6ks\u00e9gi \u00fcl\u00e9sen sz\u00f3ban kihirdeti \u00e9s az \u00e9rintett<br \/>\ntag(g\/okk)al a hat\u00e1rozat meghozatal\u00e1t k\u00f6vet\u0151 8 napon bel\u00fcl \u00edr\u00e1sban, igazolhat\u00f3<br \/>\nm\u00f3don is k\u00f6zli a hat\u00e1rozatoknak a t\u00e1rsas\u00e1g honlapj\u00e1n t\u00f6rt\u00e9n\u0151 k\u00f6zz\u00e9t\u00e9tel\u00e9vel<br \/>\negyidej\u0171leg.<br \/>\nVezet\u0151 tiszts\u00e9gvisel\u0151 az a nagykor\u00fa term\u00e9szetes szem\u00e9ly lehet, akinek<br \/>\ncselekv\u0151k\u00e9pess\u00e9g\u00e9t a tev\u00e9kenys\u00e9ge ell\u00e1t\u00e1s\u00e1hoz sz\u00fcks\u00e9ges k\u00f6rben nem korl\u00e1tozt\u00e1k.<br \/>\nA vezet\u0151 tiszts\u00e9gvisel\u0151 \u00fcgyvezet\u00e9si feladatait szem\u00e9lyesen k\u00f6teles ell\u00e1tni.<br \/>\nNem lehet vezet\u0151 tiszts\u00e9gvisel\u0151 az, akit b\u0171ncselekm\u00e9ny elk\u00f6vet\u00e9se miatt joger\u0151sen<br \/>\nszabads\u00e1gveszt\u00e9s b\u00fcntet\u00e9sre \u00edt\u00e9ltek, am\u00edg a b\u00fcntetett el\u0151\u00e9lethez f\u0171z\u0151d\u0151 h\u00e1tr\u00e1nyos<br \/>\nk\u00f6vetkezm\u00e9nyek al\u00f3l nem mentes\u00fclt.<br \/>\nNem lehet vezet\u0151 tiszts\u00e9gvisel\u0151, aki k\u00f6z\u00fcgyekt\u0151l eltilt\u00f3 \u00edt\u00e9let hat\u00e1lya alatt \u00e1ll (Btk.<br \/>\n61.\u00a7 (2) bek. i) pont).<br \/>\nNem lehet vezet\u0151 tiszts\u00e9gvisel\u0151 az, akit e foglalkoz\u00e1st\u00f3l joger\u0151sen eltiltottak.<br \/>\nAkit valamely foglalkoz\u00e1st\u00f3l joger\u0151s b\u00edr\u00f3i \u00edt\u00e9lettel eltiltottak, az eltilt\u00e1s hat\u00e1lya alatt<br \/>\naz \u00edt\u00e9letben megjel\u00f6lt tev\u00e9kenys\u00e9get folytat\u00f3 jogi szem\u00e9lyvezet\u0151 tiszts\u00e9gvisel\u0151je<br \/>\nnem lehet. Az eltilt\u00e1st kimond\u00f3 hat\u00e1rozatban megszabott id\u0151tartamig nem lehet<br \/>\nvezet\u0151 tiszts\u00e9gvisel\u0151 az, akit eltiltottak a vezet\u0151 tiszts\u00e9gvisel\u0151i tev\u00e9kenys\u00e9gt\u0151l.<br \/>\nMegsz\u0171nik a vezet\u0151 tiszts\u00e9gvisel\u0151i megb\u00edzat\u00e1s:<br \/>\na.\/ a megb\u00edz\u00e1s id\u0151tartam\u00e1nak lej\u00e1rt\u00e1val;<br \/>\nb.\/ visszah\u00edv\u00e1ssal;<br \/>\nc.\/ lemond\u00e1ssal;<br \/>\nd.\/ a vezet\u0151 tiszts\u00e9gvisel\u0151 hal\u00e1l\u00e1val<br \/>\ne.\/ a vezet\u0151 tiszts\u00e9gvisel\u0151 cselekv\u0151k\u00e9pess\u00e9g\u00e9nek a tev\u00e9kenys\u00e9ge ell\u00e1t\u00e1s\u00e1hoz<br \/>\nsz\u00fcks\u00e9ges k\u00f6rben t\u00f6rt\u00e9n\u0151 korl\u00e1toz\u00e1s\u00e1val;<br \/>\nf.\/ a vezet\u0151 tiszts\u00e9gvisel\u0151vel szembeni kiz\u00e1r\u00f3 vagy \u00f6sszef\u00e9rhetetlens\u00e9gi ok<br \/>\nbek\u00f6vetkezt\u00e9vel.<br \/>\nA vezet\u0151 tiszts\u00e9gvisel\u0151 megb\u00edzat\u00e1s\u00e1r\u00f3l a t\u00e1rsas\u00e1ghoz c\u00edmzett, a t\u00e1rsas\u00e1g m\u00e1sik<br \/>\nvezet\u0151 tiszts\u00e9gvisel\u0151j\u00e9hez int\u00e9zett nyilatkozattal b\u00e1rmikor lemondhat. Ha a jogi<br \/>\nszem\u00e9ly m\u0171k\u00f6d\u0151k\u00e9pess\u00e9ge ezt megk\u00edv\u00e1nja, a lemond\u00e1s az \u00faj vezet\u0151 tiszts\u00e9gvisel\u0151<br \/>\nkijel\u00f6l\u00e9s\u00e9vel vagy megv\u00e1laszt\u00e1s\u00e1val, ennek hi\u00e1ny\u00e1ban legk\u00e9s\u0151bb a bejelent\u00e9st\u0151l<br \/>\nsz\u00e1m\u00edtott hatvanadik napon v\u00e1lik hat\u00e1lyoss\u00e1.<\/p>\n<p style=\"text-align: center;\"><strong>A T\u00c1RSAS\u00c1G ELN\u00d6KE<\/strong><br \/>\n<strong>15. \u00a7<\/strong><\/p>\n<p style=\"text-align: left;\">1]A T\u00e1rsas\u00e1g eln\u00f6k\u00e9t a vezet\u0151s\u00e9g, titkos szavaz\u00e1ssal v\u00e1lasztja meg tagjai k\u00f6z\u00fcl 2+2+2<br \/>\n\u00e9vre. A megv\u00e1lasztott szem\u00e9ly a 6 \u00e9ves eln\u00f6ki ciklus els\u0151 2 \u00e9v\u00e9t V\u00e1lasztott Eln\u00f6kk\u00e9nt<br \/>\n(PresidentElect), m\u00e1sodik 2 \u00e9v\u00e9t hivatalban lev\u0151 eln\u00f6kk\u00e9nt, m\u00edg harmadik 2 \u00e9v\u00e9t<br \/>\nlek\u00f6sz\u00f6n\u0151 eln\u00f6kk\u00e9nt (PresidentPast) t\u00f6lti. A 6 \u00e9ves mand\u00e1tum lej\u00e1rt\u00e1val \u00fajabb eln\u00f6ki<br \/>\nciklusra ugyanazon szem\u00e9ly k\u00e9t \u00e9v m\u00falva v\u00e1laszthat\u00f3 meg.<br \/>\n2] A hivatalban lev\u0151 eln\u00f6k (President) hat\u00e1sk\u00f6re:<br \/>\na. k\u00e9pviseli a t\u00e1rsas\u00e1got, k\u00e9pviseleti joga \u00f6n\u00e1ll\u00f3 \u00e9s \u00e1ltal\u00e1nos<br \/>\nb. vezeti a k\u00f6zgy\u0171l\u00e9st \u00e9s a vezet\u0151s\u00e9g \u00fcl\u00e9seit.<br \/>\nc. K\u00e9t eln\u00f6ks\u00e9gi \u00fcl\u00e9s k\u00f6z\u00f6tt a f\u0151titk\u00e1rral ir\u00e1ny\u00edtja a t\u00e1rsas\u00e1g m\u0171k\u00f6d\u00e9s\u00e9t.<br \/>\n3] Az eln\u00f6k\u00f6t akad\u00e1lyoztat\u00e1sa eset\u00e9n a f\u0151titk\u00e1r helyettes\u00edti.<\/p>\n<p style=\"text-align: center;\"><strong>A F\u0150TITK\u00c1R<\/strong><br \/>\n<strong>16. \u00a7<\/strong><\/p>\n<p style=\"text-align: left;\">A f\u0151titk\u00e1r a t\u00e1rsas\u00e1g operat\u00edv munk\u00e1j\u00e1t vezeti, gondoskodik a k\u00f6zgy\u0171l\u00e9s \u00e9s a vezet\u0151s\u00e9g<br \/>\nhat\u00e1rozatainak v\u00e9grehajt\u00e1s\u00e1r\u00f3l.<br \/>\nK\u00e9t eln\u00f6ks\u00e9gi \u00fcl\u00e9s k\u00f6z\u00f6tt a hivatalban lev\u0151 eln\u00f6kkel ir\u00e1ny\u00edtja a t\u00e1rsas\u00e1g m\u0171k\u00f6d\u00e9s\u00e9t.<br \/>\nA f\u0151titk\u00e1ri poz\u00edci\u00f3ra egym\u00e1st k\u00f6vet\u0151en legfeljebb k\u00e9t alkalommal v\u00e1laszthat\u00f3 meg egy<br \/>\nadott szem\u00e9ly.<\/p>\n<p style=\"text-align: center;\"><strong>A GAZDAS\u00c1GI TITK\u00c1R<\/strong><br \/>\n<strong>17. \u00a7<\/strong><\/p>\n<p style=\"text-align: left;\">A gazdas\u00e1gi titk\u00e1r (treasurer) figyelemmel k\u00eds\u00e9ri a T\u00e1rsas\u00e1g gazd\u00e1lkod\u00e1si tev\u00e9kenys\u00e9g\u00e9t,<br \/>\nseg\u00edti a vezet\u0151s\u00e9g, az eln\u00f6ks\u00e9g \u00e9s a hivat\u00e1sos k\u00f6nyvel\u0151 munk\u00e1j\u00e1t. A k\u00f6zgy\u0171l\u00e9sre elk\u00e9sz\u00edti<br \/>\naz \u00e9ves p\u00e9nz\u00fcgyi besz\u00e1mol\u00f3t.<br \/>\nA gazdas\u00e1gi titk\u00e1ri poz\u00edci\u00f3ra egym\u00e1st k\u00f6vet\u0151en legfeljebb k\u00e9t alkalommal v\u00e1laszthat\u00f3<br \/>\nmeg egy adott szem\u00e9ly.<\/p>\n<p style=\"text-align: center;\"><strong>A T\u00c1RSAS\u00c1G J\u00d6VEDELME<\/strong><br \/>\n<strong>18 \u00a7<\/strong><\/p>\n<p style=\"text-align: left;\">A t\u00e1rsas\u00e1g tagjai vagyoni hozz\u00e1j\u00e1rul\u00e1sk\u00e9nt tagd\u00edjat fizetnek. A 2022-es \u00e9vben<br \/>\nfizetend\u0151 tagd\u00edj \u00f6sszege<br \/>\n\u2022 <del>\u00c1ltal\u00e1nos tagd\u00edj: 5 000,- Ft\/f\u0151\/\u00e9v<\/del><br \/>\n<del>\u2022 Fiatal tag (35 \u00e9v alatt): 3 000,- Ft\/f\u0151\/\u00e9v<\/del><br \/>\n<del>\u2022 Nyugd\u00edjas tag: 500,- Ft\/f\u0151\/\u00e9v<\/del><br \/>\n<del>\u2022 Di\u00e1k tag: 500,- Ft\/f\u0151\/\u00e9v<\/del><br \/>\n<del>\u2022 Endoszk\u00f3pos asszisztens tag: 750,- Ft\/f\u0151\/\u00e9v.<\/del><br \/>\nA tagd\u00edjat legk\u00e9s\u0151bb minden \u00e9v m\u00e1rcius 31. napj\u00e1ig kell egy \u00f6sszegben, a t\u00e1rsas\u00e1g<br \/>\nh\u00e1zip\u00e9nzt\u00e1r\u00e1ba vagy a t\u00e1rsas\u00e1g banksz\u00e1ml\u00e1j\u00e1ra t\u00f6rt\u00e9n\u0151 \u00e1tutal\u00e1s \u00fatj\u00e1nmegfizetni.<\/p>\n<p style=\"text-align: center;\"><strong>A T\u00c1RSAS\u00c1G MEGSZ\u0170N\u00c9SE<\/strong><br \/>\n<strong>19. \u00a7<\/strong><\/p>\n<p style=\"text-align: left;\">A jogi szem\u00e9ly jogut\u00f3d n\u00e9lk\u00fcli megsz\u0171n\u00e9s\u00e9nek \u00e1ltal\u00e1nos esetein t\u00fal a T\u00e1rsas\u00e1g jogut\u00f3d<br \/>\nn\u00e9lk\u00fcl megsz\u0171nik, ha<br \/>\na) a t\u00e1rsas\u00e1g megval\u00f3s\u00edtotta c\u00e9lj\u00e1t vagy a t\u00e1rsas\u00e1g c\u00e9lj\u00e1nak megval\u00f3s\u00edt\u00e1sa lehetetlenn\u00e9<br \/>\nv\u00e1lt, \u00e9s \u00faj c\u00e9lt nem hat\u00e1roztak meg; vagy<br \/>\nb) a t\u00e1rsas\u00e1g tagjainak sz\u00e1ma hat h\u00f3napon kereszt\u00fcl nem \u00e9ri el a t\u00edz f\u0151t.<\/p>\n<p style=\"text-align: center;\"><strong>20. \u00a7<\/strong><\/p>\n<p style=\"text-align: left;\">Az alapszab\u00e1lyban nem szab\u00e1lyozott k\u00e9rd\u00e9sekre a Polg\u00e1ri T\u00f6rv\u00e9nyk\u00f6nyvr\u0151l sz\u00f3l\u00f3 2013.<br \/>\n\u00e9vi V. t\u00f6rv\u00e9ny (Ptk.) \u00e9s az egyes\u00fcl\u00e9si jogr\u00f3l, a k\u00f6zhaszn\u00fa jog\u00e1ll\u00e1sr\u00f3l, valamint a civil<br \/>\nszervezetek m\u0171k\u00f6d\u00e9s\u00e9r\u0151l \u00e9s t\u00e1mogat\u00e1s\u00e1r\u00f3l sz\u00f3l\u00f3 2011. \u00e9vi CLXXV. t\u00f6rv\u00e9ny (Ectv.)<br \/>\nrendelkez\u00e9sei az ir\u00e1nyad\u00f3ak.<\/p>\n<p style=\"text-align: left;\">Az eln\u00f6k ezen okiratot j\u00f3v\u00e1hagy\u00f3lag al\u00e1\u00edrta.<\/p>\n<p style=\"text-align: left;\">Kelt.: Budapest, 2022. j\u00fanius 11.<\/p>\n<p style=\"text-align: left;\"><em>Alul\u00edrott eln\u00f6k igazolom, hogy az alapszab\u00e1ly egys\u00e9ges szerkezetbe foglalt sz\u00f6vege megfelel az alapszab\u00e1ly m\u00f3dos\u00edt\u00e1sa alapj\u00e1n hat\u00e1lyos tartalomnak.<\/em><br \/>\n<em>Az alapszab\u00e1ly m\u00f3dos\u00edt\u00e1s\u00e1val a T\u00e1rsas\u00e1g \u00e1tt\u00e9r a Polg\u00e1ri T\u00f6rv\u00e9nyk\u00f6nyvr\u0151l sz\u00f3l\u00f3 2013. \u00e9vi V. rendelkez\u00e9s\u00e9i szerinti m\u0171k\u00f6d\u00e9sre.<\/em><\/p>\n<p style=\"text-align: right;\">\u2026\u2026\u2026\u2026\u2026\u2026\u2026\u2026\u2026\u2026\u2026\u2026\u2026..<br \/>\nDr. Vincze \u00c1ron<br \/>\npresident<\/p>\n<\/div><div class=\"fusion-clearfix\"><\/div><\/div><\/div><\/div><\/div><div class=\"fusion-fullwidth fullwidth-box fusion-builder-row-2 nonhundred-percent-fullwidth non-hundred-percent-height-scrolling\" style=\"--awb-border-radius-top-left:0px;--awb-border-radius-top-right:0px;--awb-border-radius-bottom-right:0px;--awb-border-radius-bottom-left:0px;--awb-flex-wrap:wrap;\" ><div class=\"fusion-builder-row fusion-row\"><div class=\"fusion-layout-column fusion_builder_column fusion-builder-column-1 fusion_builder_column_1_1 1_1 fusion-one-full fusion-column-first fusion-column-last\" style=\"--awb-bg-size:cover;\"><div class=\"fusion-column-wrapper fusion-column-has-shadow fusion-flex-column-wrapper-legacy\"><div class=\"fusion-section-separator section-separator triangle fusion-section-separator-1\" style=\"--awb-border-top:1px solid #f6f6f6;--awb-spacer-height:1px;--awb-svg-margin-left:0;--awb-svg-margin-right:0;--awb-icon-color:#3b9bcc;\"><div class=\"fusion-section-separator-svg\"><div class=\"section-separator-icon icon fa-paperclip fas\" aria-hidden=\"true\"><\/div><div class=\"divider-candy-arrow top\" style=\"bottom:0px;border-bottom-color: #f6f6f6;\"><\/div><div class=\"divider-candy top\" style=\"top:-21px;border-bottom:1px solid #f6f6f6;border-left:1px solid #f6f6f6;\"><\/div><\/div><div class=\"fusion-section-separator-spacer\"><div class=\"fusion-section-separator-spacer-height\"><\/div><\/div><\/div><div class=\"fusion-text fusion-text-2\"><div class=\"attachments\" style=\"border: 2px solid #ccc;\tpadding: 5px 30px;\"><h3>Kapcsol\u00f3d\u00f3 mell\u00e9kletek:<\/h3><ul><li><a href=\"https:\/\/mgtiroda.hu\/wp-content\/uploads\/mgt-alapszabaly-20090614.pdf\" target=\"_blank\" title=\"Az MGT Alapszab\u00e1lya - 2009\">Az MGT Alapszab\u00e1lya - 2009<\/a><span><p>A Magyar Gasztroenterol\u00f3giai T\u00e1rsas\u00e1g Alapszab\u00e1lya (Budapest, 2009. j\u00fanius 14.)<\/p><\/span><\/li><li><a href=\"https:\/\/mgtiroda.hu\/wp-content\/uploads\/MGT-Alapszabaly-2022.pdf\" target=\"_blank\" title=\"Az MGT Alapszab\u00e1lya - 2022\">Az MGT Alapszab\u00e1lya - 2022<\/a><span><p>A Magyar Gasztroenterol\u00f3giai T\u00e1rsas\u00e1g Alapszab\u00e1lya (Budapest, 2022. j\u00fanius 11.)<\/p><\/span><\/li><\/ul><\/div>\n<\/div><div class=\"fusion-clearfix\"><\/div><\/div><\/div><\/div><\/div><\/p>","protected":false},"excerpt":{"rendered":"","protected":false},"author":1,"featured_media":0,"parent":69,"menu_order":0,"comment_status":"closed","ping_status":"closed","template":"100-width.php","meta":{"footnotes":""},"class_list":["post-12285","page","type-page","status-publish","hentry"],"_links":{"self":[{"href":"https:\/\/mgtiroda.hu\/en\/wp-json\/wp\/v2\/pages\/12285","targetHints":{"allow":["GET"]}}],"collection":[{"href":"https:\/\/mgtiroda.hu\/en\/wp-json\/wp\/v2\/pages"}],"about":[{"href":"https:\/\/mgtiroda.hu\/en\/wp-json\/wp\/v2\/types\/page"}],"author":[{"embeddable":true,"href":"https:\/\/mgtiroda.hu\/en\/wp-json\/wp\/v2\/users\/1"}],"replies":[{"embeddable":true,"href":"https:\/\/mgtiroda.hu\/en\/wp-json\/wp\/v2\/comments?post=12285"}],"version-history":[{"count":3,"href":"https:\/\/mgtiroda.hu\/en\/wp-json\/wp\/v2\/pages\/12285\/revisions"}],"predecessor-version":[{"id":13073,"href":"https:\/\/mgtiroda.hu\/en\/wp-json\/wp\/v2\/pages\/12285\/revisions\/13073"}],"up":[{"embeddable":true,"href":"https:\/\/mgtiroda.hu\/en\/wp-json\/wp\/v2\/pages\/69"}],"wp:attachment":[{"href":"https:\/\/mgtiroda.hu\/en\/wp-json\/wp\/v2\/media?parent=12285"}],"curies":[{"name":"wp","href":"https:\/\/api.w.org\/{rel}","templated":true}]}}