{"id":12302,"date":"2019-07-14T16:54:20","date_gmt":"2019-07-14T14:54:20","guid":{"rendered":"http:\/\/mgtiroda.hu\/?page_id=12302"},"modified":"2025-07-01T22:34:34","modified_gmt":"2025-07-01T20:34:34","slug":"az-mgt-tisztsegviseloi","status":"publish","type":"page","link":"https:\/\/mgtiroda.hu\/en\/a-tarsasagrol\/az-mgt-tisztsegviseloi\/","title":{"rendered":"Officers of the HSG"},"content":{"rendered":"<div class=\"fusion-fullwidth fullwidth-box fusion-builder-row-1 nonhundred-percent-fullwidth non-hundred-percent-height-scrolling\" style=\"--awb-border-radius-top-left:0px;--awb-border-radius-top-right:0px;--awb-border-radius-bottom-right:0px;--awb-border-radius-bottom-left:0px;--awb-flex-wrap:wrap;\" ><div class=\"fusion-builder-row fusion-row\"><div class=\"fusion-layout-column fusion_builder_column fusion-builder-column-0 fusion_builder_column_1_1 1_1 fusion-one-full fusion-column-first fusion-column-last\" style=\"--awb-bg-size:cover;\"><div class=\"fusion-column-wrapper fusion-column-has-shadow fusion-flex-column-wrapper-legacy\"><div class=\"fusion-text fusion-text-1\"><h2>Az MGT Eln\u00f6ks\u00e9ge<\/h2>\n<p>Eln\u00f6k: Palatka K\u00e1roly<br \/>\nVolt eln\u00f6k: Gy\u00f6keres Tibor<br \/>\nJ\u00f6v\u0151beni eln\u00f6k: Szepes Zolt\u00e1n<br \/>\nF\u0151titk\u00e1r: Czak\u00f3 L\u00e1szl\u00f3<br \/>\nGazdas\u00e1gi titk\u00e1r: Bajor Judit<\/p>\n<hr \/>\n<h2>MGT Vezet\u0151s\u00e9ge (2025-2027)<\/h2>\n<table style=\"width: 100%;\">\n<tbody>\n<tr>\n<td style=\"width: 33%;\">Altorjay Istv\u00e1n<br \/>\nAndr\u00e1si P\u00e9ter<br \/>\nBajor Judit<br \/>\nBakucz Tam\u00e1s<br \/>\nBor Ren\u00e1ta<br \/>\nCzak\u00f3 L\u00e1szl\u00f3<br \/>\nCzimmer J\u00f3zsef<br \/>\nDemeter P\u00e1l<br \/>\nDezs\u0151fi-Gottl Antal<br \/>\nDubravcsik Zsolt<br \/>\nEr\u0151ss B\u00e1lint<br \/>\nF\u00e1bi\u00e1n Anna<br \/>\nFarkas Klaudia<br \/>\nGasztonyi Be\u00e1ta<br \/>\nGolovics Petra<br \/>\nGurz\u00f3 Zolt\u00e1n<br \/>\nGy\u00f6keres Tibor<br \/>\nHagym\u00e1si Krisztina<br \/>\nHamvas J\u00f3zsef<br \/>\nHegyi P\u00e9ter<\/td>\n<td style=\"width: 33%;\">Hersz\u00e9nyi L\u00e1szl\u00f3<br \/>\nHorv\u00e1th G\u00e1bor<br \/>\nHorv\u00e1th Mikl\u00f3s<br \/>\nHritz Istv\u00e1n<br \/>\nHunyady B\u00e9la<br \/>\nIll\u00e9s D\u00f3ra<br \/>\nIzb\u00e9ki Ferenc<br \/>\nJuh\u00e1sz M\u00e1rk<br \/>\nKrist\u00f3f T\u00fcnde<br \/>\nLakner Lilla<br \/>\nLombay B\u00e9la<br \/>\nMad\u00e1csy L\u00e1szl\u00f3<br \/>\nMal\u00e9th J\u00f3zsef<br \/>\nMiheller P\u00e1l<br \/>\nMoln\u00e1r B\u00e9la<br \/>\nMoln\u00e1r Tam\u00e1s<br \/>\nM\u00fcllner Katalin<br \/>\nN\u00e9meth Bal\u00e1zs<br \/>\nNov\u00e1k J\u00e1nos<br \/>\nP\u00e1k P\u00e9ter<\/td>\n<td style=\"width: 33%;\">Palatka K\u00e1roly<br \/>\nPapp M\u00e1ria<br \/>\nP\u00e1r Gabriella<br \/>\nPaszt Attila<br \/>\nP\u00e9csi Gyula<br \/>\nRakonczay Zolt\u00e1n<br \/>\nR\u00f3ka Rich\u00e1rd<br \/>\nRoszt\u00f3czy Andr\u00e1s<br \/>\nSahin P\u00e9ter<br \/>\nSarl\u00f3s Patr\u00edcia<br \/>\nSike R\u00f3bert<br \/>\nSzamosi Tam\u00e1s<br \/>\nSzepes Zolt\u00e1n<br \/>\nSzmola Rich\u00e1rd<br \/>\nSz\u0151nyi Mih\u00e1ly<br \/>\nTaller Andr\u00e1s<br \/>\nT\u00f3th G\u00e1bor Tam\u00e1s<br \/>\nVarga M\u00e1rta<br \/>\nVincze \u00c1ron<br \/>\nZsigmond Ferenc<\/td>\n<\/tr>\n<\/tbody>\n<\/table>\n<p><strong>\u00a0<\/strong><\/p>\n<hr \/>\n<h2>MGT Vezet\u0151s\u00e9ge (2023-2025)<\/h2>\n<table style=\"width: 100%;\">\n<tbody>\n<tr>\n<td style=\"width: 33%;\">Altorjay Istv\u00e1n<br \/>\nBajor Judit<br \/>\nBor Ren\u00e1ta<br \/>\nCzak\u00f3 L\u00e1szl\u00f3<br \/>\nCzimmer J\u00f3zsef<br \/>\nDemeter P\u00e1l<br \/>\nDezs\u0151fi Antal<br \/>\nDubravcsik Zsolt<br \/>\nEr\u0151ss B\u00e1lint<br \/>\nFarkas Klaudia<br \/>\nGasztonyi Be\u00e1ta<br \/>\nGurz\u00f3 Zolt\u00e1n<br \/>\nGy\u00f6keres Tibor<br \/>\nHagym\u00e1si Krisztina<br \/>\nHamvas J\u00f3zsef<br \/>\nHars\u00e1nyi L\u00e1szl\u00f3<br \/>\nHegyi P\u00e9ter<br \/>\nHersz\u00e9nyi L\u00e1szl\u00f3<br \/>\nHorv\u00e1th G\u00e1bor<br \/>\nHorv\u00e1th Mikl\u00f3s<\/td>\n<td style=\"width: 33%;\">Hritz Istv\u00e1n<br \/>\nHunyady B\u00e9la<br \/>\nIll\u00e9s D\u00f3ra<br \/>\nIzb\u00e9ki Ferenc<br \/>\nJuh\u00e1sz M\u00e1rk<br \/>\nKov\u00e1cs M\u00e1rta<br \/>\nKrist\u00f3f T\u00fcnde<br \/>\nLakner Lilla<br \/>\nL\u00e1z\u00e1r Gy\u00f6rgy<br \/>\nLombay B\u00e9la<br \/>\nMad\u00e1csy L\u00e1szl\u00f3<br \/>\nMiheller P\u00e1l<br \/>\nMoln\u00e1r B\u00e9la<br \/>\nMoln\u00e1r Tam\u00e1s<br \/>\nNov\u00e1k J\u00e1nos<br \/>\nOl\u00e1h Attila<br \/>\nP\u00e1k P\u00e9ter<br \/>\nPalatka K\u00e1roly<br \/>\nPapp M\u00e1ria<br \/>\nP\u00e1r Gabriella<\/td>\n<td style=\"width: 33%;\">P\u00e9csi Gyula<br \/>\nRakonczay Zolt\u00e1n<br \/>\nR\u00f3ka Rich\u00e1rd<br \/>\nRoszt\u00f3czy Andr\u00e1s<br \/>\nSahin P\u00e9ter<br \/>\nSarl\u00f3s Patr\u00edcia<br \/>\nSchafer Eszter<br \/>\nSchwab Rich\u00e1rd<br \/>\nSzamosi Tam\u00e1s<br \/>\nSzegedi L\u00e1szl\u00f3<br \/>\nSzepes Zolt\u00e1n<br \/>\nSz\u0151nyi Mih\u00e1ly<br \/>\nTaller Andr\u00e1s<br \/>\nTiszlavicz L\u00e1szl\u00f3<br \/>\nT\u00f3th G\u00e1bor Tam\u00e1s<br \/>\nVarga G\u00e1bor<br \/>\nVarga M\u00e1rta<br \/>\nVincze \u00c1ron<br \/>\nV\u00f6lgyi Zolt\u00e1n<br \/>\nZsigmond Ferenc<\/td>\n<\/tr>\n<\/tbody>\n<\/table>\n<p><strong>\u00a0<\/strong><\/p>\n<hr \/>\n<h2>MGT Vezet\u0151s\u00e9ge (2021-2023)<\/h2>\n<table style=\"width: 100%;\">\n<tbody>\n<tr>\n<td style=\"width: 33%;\">Altorjay Istv\u00e1n<br \/>\nBajor Judit<br \/>\nBor Ren\u00e1ta<br \/>\nCzak\u00f3 L\u00e1szl\u00f3<br \/>\nCzimmer J\u00f3zsef<br \/>\nDemeter P\u00e1l<br \/>\nDezs\u0151fi Antal<br \/>\nDubravcsik Zsolt<br \/>\nEr\u0151ss B\u00e1lint<br \/>\nFarkas Klaudia<br \/>\nGasztonyi Be\u00e1ta<br \/>\nGurz\u00f3 Zolt\u00e1n<br \/>\nGy\u00f6keres Tibor<br \/>\nHagym\u00e1si Krisztina<br \/>\nHamvas J\u00f3zsef<br \/>\nHars\u00e1nyi L\u00e1szl\u00f3<br \/>\nHegyi P\u00e9ter<br \/>\nHersz\u00e9nyi L\u00e1szl\u00f3<br \/>\nHorv\u00e1th G\u00e1bor<br \/>\nHorv\u00e1th Mikl\u00f3s<\/td>\n<td style=\"width: 33%;\">Hritz Istv\u00e1n<br \/>\nHunyady B\u00e9la<br \/>\nIzb\u00e9ki Ferenc<br \/>\nJuh\u00e1sz M\u00e1rk<br \/>\nKov\u00e1cs M\u00e1rta<br \/>\nKrist\u00f3f T\u00fcnde<br \/>\nLakner Lilla<br \/>\nL\u00e1z\u00e1r Gy\u00f6rgy<br \/>\nLombay B\u00e9la<br \/>\nMad\u00e1csy L\u00e1szl\u00f3<br \/>\nMiheller P\u00e1l<br \/>\nMoln\u00e1r B\u00e9la<br \/>\nMoln\u00e1r Tam\u00e1s<br \/>\nNov\u00e1k J\u00e1nos<br \/>\nOl\u00e1h Attila<br \/>\nP\u00e1k P\u00e9ter<br \/>\nPalatka K\u00e1roly<br \/>\nPapp M\u00e1ria<br \/>\nP\u00e1r Gabriella<br \/>\nPatai \u00c1rp\u00e1d<\/td>\n<td style=\"width: 33%;\">P\u00e9csi Gyula<br \/>\nRakonczay Zolt\u00e1n<br \/>\nR\u00f3ka Rich\u00e1rd<br \/>\nRoszt\u00f3czy Andr\u00e1s<br \/>\nSahin P\u00e9ter<br \/>\nSarl\u00f3s Patr\u00edcia<br \/>\nSchafer Eszter<br \/>\nSchwab Rich\u00e1rd<br \/>\nSzamosi Tam\u00e1s<br \/>\nSzegedi L\u00e1szl\u00f3<br \/>\nSzepes Zolt\u00e1n<br \/>\nSz\u0151nyi Mih\u00e1ly<br \/>\nTaller Andr\u00e1s<br \/>\nTiszlavicz L\u00e1szl\u00f3<br \/>\nT\u00f3th G\u00e1bor Tam\u00e1s<br \/>\nVarga G\u00e1bor<br \/>\nVarga M\u00e1rta<br \/>\nVincze \u00c1ron<br \/>\nV\u00f6lgyi Zolt\u00e1n<br \/>\nZsigmond Ferenc<\/td>\n<\/tr>\n<\/tbody>\n<\/table>\n<p><strong>\u00a0<\/strong><\/p>\n<hr \/>\n<h2>MGT Vezet\u0151s\u00e9ge (2019-2021)<\/h2>\n<table style=\"width: 100%;\">\n<tbody>\n<tr>\n<td style=\"width: 33%;\">\u00c1brah\u00e1m Szabolcs<br \/>\nAltorjay Istv\u00e1n<br \/>\nBajor Judit<br \/>\nB\u00e1lint Andr\u00e1s<br \/>\nCzak\u00f3 L\u00e1szl\u00f3<br \/>\nCzep\u00e1n M\u00e1ty\u00e1s<br \/>\nCzimmer J\u00f3zsef<br \/>\nDemeter P\u00e1l<br \/>\nDezs\u0151fi Antal<br \/>\nDubravcsik Zsolt<br \/>\nFarkas Klaudia<br \/>\nGasztonyi Be\u00e1ta<br \/>\nGurz\u00f3 Zolt\u00e1n<br \/>\nGy\u00f6keres Tibor<br \/>\nHamvas J\u00f3zsef<br \/>\nHars\u00e1nyi L\u00e1szl\u00f3<br \/>\nHegyi P\u00e9ter<br \/>\nHersz\u00e9nyi L\u00e1szl\u00f3<br \/>\nHorv\u00e1th G\u00e1bor<br \/>\nHorv\u00e1th Mikl\u00f3s<\/td>\n<td style=\"width: 33%;\">Hritz Istv\u00e1n<br \/>\nHunyady B\u00e9la<br \/>\nIzb\u00e9ki Ferenc<br \/>\nJuh\u00e1sz M\u00e1rk<br \/>\nKov\u00e1cs M\u00e1rta<br \/>\nKrist\u00f3f T\u00fcnde<br \/>\nLakner Lilla<br \/>\nL\u00e1z\u00e1r Gy\u00f6rgy<br \/>\nLombay B\u00e9la<br \/>\nMad\u00e1csy L\u00e1szl\u00f3<br \/>\nMiheller P\u00e1l<br \/>\nMoln\u00e1r B\u00e9la<br \/>\nMoln\u00e1r Tam\u00e1s<br \/>\nNov\u00e1k J\u00e1nos<br \/>\nOl\u00e1h Attila<br \/>\nP\u00e1k P\u00e9ter<br \/>\nPalatka K\u00e1roly<br \/>\nPapp M\u00e1ria<br \/>\nP\u00e1r Gabriella<br \/>\nPatai \u00c1rp\u00e1d<\/td>\n<td style=\"width: 33%;\">P\u00e9csi Gyula<br \/>\nRakonczay Zolt\u00e1n<br \/>\nR\u00e9dei Csaba<br \/>\nR\u00f3ka Rich\u00e1rd<br \/>\nRoszt\u00f3czy Andr\u00e1s<br \/>\nSahin P\u00e9ter<br \/>\nSarl\u00f3s Patr\u00edcia<br \/>\nSchafer Eszter<br \/>\nSzamosi Tam\u00e1s<br \/>\nSzegedi L\u00e1szl\u00f3<br \/>\nSz\u00e9kely Gy\u00f6rgy<br \/>\nSzepes Zolt\u00e1n<br \/>\nSz\u0151nyi Mih\u00e1ly<br \/>\nTaller Andr\u00e1s<br \/>\nTiszlavicz L\u00e1szl\u00f3<br \/>\nTornai Istv\u00e1n<br \/>\nVarga G\u00e1bor<br \/>\nVarga M\u00e1rta<br \/>\nVeres G\u00e1bor \u271d<br \/>\nVincze \u00c1ron<\/td>\n<\/tr>\n<\/tbody>\n<\/table>\n<p><strong><br \/>\nAz MGT 2019-2020 vezet\u0151s\u00e9g f\u00e9nyk\u00e9pes adatai a k\u00f6vetkez\u0151 linkre kattintva tekinthet\u0151k meg:\u00a0<\/strong><br \/>\n<a href=\"http:\/\/www.gastroenter.hu\/mgt-vezetoseg\/mgt-tisztsegviselok-adatai-2019-2020.html\" target=\"_blank\" rel=\"noopener noreferrer\">http:\/\/www.gastroenter.hu\/mgt-vezetoseg\/mgt-tisztsegviselok-adatai-2019-2020.html<\/a><\/p>\n<hr \/>\n<h2>MGT Vezet\u0151s\u00e9ge (2018-2019)<\/h2>\n<table style=\"width: 100%;\">\n<tbody>\n<tr>\n<td>\u00c1brah\u00e1m Szabolcs<br \/>\nAltorjay Istv\u00e1n<br \/>\nBajor Judit<br \/>\nB\u00e1lint Andr\u00e1s<br \/>\nBene L\u00e1szl\u00f3\u00a0\u271d<br \/>\nCzak\u00f3 L\u00e1szl\u00f3<br \/>\nCzep\u00e1n M\u00e1ty\u00e1s<br \/>\nCzimmer J\u00f3zsef<br \/>\nDemeter P\u00e1l<br \/>\nDezs\u0151fi Antal<br \/>\nDubravcsik Zsolt<br \/>\nFarkas Klaudia<br \/>\nGasztonyi Be\u00e1ta<br \/>\nGurz\u00f3 Zolt\u00e1n<br \/>\nGy\u00f6keres Tibor<br \/>\nHamvas J\u00f3zsef<br \/>\nHars\u00e1nyi L\u00e1szl\u00f3<br \/>\nHegyi P\u00e9ter<br \/>\nHersz\u00e9nyi L\u00e1szl\u00f3<br \/>\nHorv\u00e1th G\u00e1bor<\/td>\n<td>Horv\u00e1th Mikl\u00f3s<br \/>\nHritz Istv\u00e1n<br \/>\nHunyady B\u00e9la<br \/>\nIzb\u00e9ki Ferenc<br \/>\nJuh\u00e1sz M\u00e1rk<br \/>\nKov\u00e1cs M\u00e1rta<br \/>\nKrist\u00f3f T\u00fcnde<br \/>\nLakner Lilla<br \/>\nL\u00e1z\u00e1r Gy\u00f6rgy<br \/>\nMad\u00e1csy L\u00e1szl\u00f3<br \/>\nMiheller P\u00e1l<br \/>\nMoln\u00e1r B\u00e9la<br \/>\nMoln\u00e1r Tam\u00e1s<br \/>\nNov\u00e1k J\u00e1nos<br \/>\nOl\u00e1h Attila<br \/>\nP\u00e1k P\u00e9ter<br \/>\nPalatka K\u00e1roly<br \/>\nPapp M\u00e1ria<br \/>\nP\u00e1r Gabriella<br \/>\nPatai \u00c1rp\u00e1d<\/td>\n<td>P\u00e9csi Gyula<br \/>\nRakonczay Zolt\u00e1n<br \/>\nR\u00f3ka Rich\u00e1rd<br \/>\nRoszt\u00f3czy Andr\u00e1s<br \/>\nSahin P\u00e9ter<br \/>\nSarl\u00f3s Patr\u00edcia<br \/>\nSchafer Eszter<br \/>\nSzamosi Tam\u00e1s<br \/>\nSzegedi L\u00e1szl\u00f3<br \/>\nSz\u00e9kely Gy\u00f6rgy<br \/>\nSzepes Attila \u271d<br \/>\nSzepes Zolt\u00e1n<br \/>\nSz\u0151nyi Mih\u00e1ly<br \/>\nTaller Andr\u00e1s<br \/>\nTiszlavicz L\u00e1szl\u00f3<br \/>\nTornai Istv\u00e1n<br \/>\nVarga G\u00e1bor<br \/>\nVarga M\u00e1rta<br \/>\nVeres G\u00e1bor<br \/>\nVincze \u00c1ron<\/td>\n<\/tr>\n<\/tbody>\n<\/table>\n<hr \/>\n<h2>MGT Vezet\u0151s\u00e9ge (2016-2018)<\/h2>\n<table style=\"width: 100%;\">\n<tbody>\n<tr>\n<td>Altorjay Istv\u00e1n<br \/>\nBajor Judit<br \/>\nB\u00e1lint Andr\u00e1s<br \/>\nBene L\u00e1szl\u00f3<br \/>\nCzak\u00f3 L\u00e1szl\u00f3<br \/>\nCzimmer J\u00f3zsef<br \/>\nDemeter P\u00e1l<br \/>\nDezsofi Antal<br \/>\nDubravcsik Zsolt<br \/>\nGasztonyi Be\u00e1ta<br \/>\nGecse Krisztina<br \/>\nGurz\u00f3 Zolt\u00e1n<br \/>\nGy\u00f6keres Tibor<br \/>\nHamvas J\u00f3zsef<br \/>\nHars\u00e1nyi L\u00e1szl\u00f3<br \/>\nHegyi P\u00e9ter<br \/>\nHersz\u00e9nyi L\u00e1szl\u00f3<br \/>\nHorv\u00e1th G\u00e1bor<br \/>\nHorv\u00e1th Mikl\u00f3s<br \/>\nHritz Istv\u00e1n<\/td>\n<td>Hunyady B\u00e9la<br \/>\nIzb\u00e9ki Ferenc<br \/>\nJuh\u00e1sz M\u00e1rk<br \/>\nKrist\u00f3f T\u00fcnde<br \/>\nLakatos L\u00e1szl\u00f3<br \/>\nLakatos P\u00e9ter L\u00e1szl\u00f3<br \/>\nLakner Lilla<br \/>\nMad\u00e1csy L\u00e1szl\u00f3<br \/>\nMiheller P\u00e1l<br \/>\nMoln\u00e1r B\u00e9la<br \/>\nMoln\u00e1r Tam\u00e1s<br \/>\nNov\u00e1k J\u00e1nos<br \/>\nOl\u00e1h Attila<br \/>\nP\u00e1k P\u00e9ter<br \/>\nPakodi Ferenc<br \/>\nPalatka K\u00e1roly<br \/>\nP\u00e1r Gabriella<br \/>\nPatai \u00c1rp\u00e1d<br \/>\nP\u00e9csi Gyula<br \/>\nR\u00e1cz Istv\u00e1n<\/td>\n<td>Rakonczay Zolt\u00e1n<br \/>\nR\u00f3ka Rich\u00e1rd<br \/>\nRoszt\u00f3czy Andr\u00e1s<br \/>\nSahin P\u00e9ter<br \/>\nSchafer Eszter<br \/>\nSzamosi Tam\u00e1s<br \/>\nSzegedi L\u00e1szl\u00f3<br \/>\nSz\u00e9kely Gy\u00f6rgy<br \/>\nSzepes Attila<br \/>\nSzepes Zolt\u00e1n<br \/>\nSzij\u00e1rt\u00f3 Attila<br \/>\nSz\u0151nyi Mih\u00e1ly<br \/>\nTaller Andr\u00e1s<br \/>\nTiszlavicz L\u00e1szl\u00f3<br \/>\nTopa Lajos<br \/>\nTornai Istv\u00e1n<br \/>\nVarga G\u00e1bor<br \/>\nVarga M\u00e1rta<br \/>\nVeres G\u00e1bor<br \/>\nVincze \u00c1ron<\/td>\n<\/tr>\n<\/tbody>\n<\/table>\n<hr \/>\n<h2>MGT Vezet\u0151s\u00e9ge (2014-2016)<\/h2>\n<table style=\"width: 100%;\">\n<tbody>\n<tr>\n<td>Altorjay Istv\u00e1n<br \/>\nBajor Judit<br \/>\nB\u00e1lint Andr\u00e1s<br \/>\nBene L\u00e1szl\u00f3<br \/>\nCzak\u00f3 L\u00e1szl\u00f3<br \/>\nCzimmer J\u00f3zsef<br \/>\nDemeter P\u00e1l<br \/>\nDubravcsik Zsolt<br \/>\nFigler M\u00e1ria<br \/>\nGaramszegi M\u00e1ria<br \/>\nGasztonyi Be\u00e1ta<br \/>\nGecse Krisztina<br \/>\nGervain Judit<br \/>\nGurz\u00f3 Zolt\u00e1n<br \/>\nGy\u00f6keres Tibor<br \/>\nHamvas J\u00f3zsef<br \/>\nHars\u00e1nyi L\u00e1szl\u00f3<br \/>\nHegyi P\u00e9ter<br \/>\nHersz\u00e9nyi L\u00e1szl\u00f3<br \/>\nHorv\u00e1th G\u00e1bor<\/td>\n<td>Hritz Istv\u00e1n<br \/>\nHunyady B\u00e9la<br \/>\nIzb\u00e9ki Ferenc<br \/>\nJuh\u00e1sz M\u00e1rk<br \/>\nLakatos L\u00e1szl\u00f3<br \/>\nLakatos P\u00e9ter L\u00e1szl\u00f3<br \/>\nLakner Lilla<br \/>\nMad\u00e1csy L\u00e1szl\u00f3<br \/>\nMiheller P\u00e1l<br \/>\nMoln\u00e1r B\u00e9la<br \/>\nMoln\u00e1r Tam\u00e1s<br \/>\nNov\u00e1k J\u00e1nos<br \/>\nOl\u00e1h Attila<br \/>\nOrosz P\u00e9ter<br \/>\nP\u00e1k P\u00e9ter<br \/>\nPakodi Ferenc<br \/>\nPalatka K\u00e1roly<br \/>\nP\u00e1r Gabriella<br \/>\nPatai \u00c1rp\u00e1d<br \/>\nP\u00e9csi Gyula<\/td>\n<td>R\u00e1cz Istv\u00e1n<br \/>\nRakonczay Zolt\u00e1n<br \/>\nRoszt\u00f3czy Andr\u00e1s<br \/>\nSch\u00e4fer Eszter<br \/>\nSzegedi L\u00e1szl\u00f3<br \/>\nSz\u00e9kely Gy\u00f6rgy<br \/>\nSzepes Attila<br \/>\nSzepes Zolt\u00e1n<br \/>\nSzij\u00e1rt\u00f3 Attila<br \/>\nSz\u0151nyi Mih\u00e1ly<br \/>\nTak\u00e1cs Tam\u00e1s<br \/>\nTaller Andr\u00e1s<br \/>\nTiszlavicz L\u00e1szl\u00f3<br \/>\nTopa Lajos<br \/>\nTornai Istv\u00e1n<br \/>\nVarga G\u00e1bor<br \/>\nVarga M\u00e1rta<br \/>\nVeres G\u00e1bor<br \/>\nVincze \u00c1ron<br \/>\nWittmann Tibor<\/td>\n<\/tr>\n<\/tbody>\n<\/table>\n<p><strong><br \/>\nAz MGT 2014-2016 vezet\u0151s\u00e9g f\u00e9nyk\u00e9pes adatai a k\u00f6vetkez\u0151 linkrei kattintva tekinthet\u0151ek meg:<\/strong><br \/>\n<a href=\"http:\/\/www.gastroenter.hu\/mgt-vezetoseg\/mgt-tisztsegviselok-adatai-2014-2016.html\" target=\"_blank\" rel=\"noopener noreferrer\">http:\/\/www.gastroenter.hu\/mgt-vezetoseg\/mgt-tisztsegviselok-adatai-2014-2016.html<\/a><\/p>\n<hr \/>\n<h2><strong>A MGT vezet\u0151s\u00e9g mellett m\u0171k\u00f6d\u0151 tiszts\u00e9gvisel\u0151k<\/strong><\/h2>\n<p>Ellen\u0151r:\u00a0Bod\u00e1nszky Hedvig<\/p>\n<p>Fel\u00fcgyel\u0151 Bizotts\u00e1g:\u00a0Kovalszky Ilona, S\u00fct\u0151 G\u00e1bor, Tak\u00e1ts Alajos, p\u00f3ttagok: P\u00e1k G\u00e1bor<\/p>\n<p>Fegyelmi Bizotts\u00e1g:\u00a0Lengyel Gabriella, Nagy Gy\u00f6rgy, V\u00e1rkonyi \u00c1gnes p\u00f3ttagok: Gasztonyi Be\u00e1ta, Varga Mih\u00e1ly<\/p>\n<p>Tiszteletbeli eln\u00f6k\u00f6k:\u00a0Lonovics J\u00e1nos, Pap \u00c1kos, Papp J\u00e1nos, Tulassay Zsolt, Varr\u00f3 Vince<\/p>\n<p>Tiszteletbeli vezet\u0151s\u00e9gi tagok:\u00a0B. Kov\u00e1cs Judit, Bajtai Attila, Balogh Istv\u00e1n, Banai J\u00e1nos, Ber\u00f3 Tam\u00e1s, Demeter Jol\u00e1n, Domj\u00e1n Lajos, D\u00f6br\u00f6nte Zolt\u00e1n, Eckhardt S\u00e1ndor, Faller J\u00f3zsef, Flautner Lajos, Gervain Judit, Juh\u00e1sz L\u00e1szl\u00f3, Kendrey G\u00e1bor, Kisfalvi Istv\u00e1n, Kov\u00e1cs \u00c1gota, Lapis K\u00e1roly, Magyar Anna, M\u00f3zsik Gyula, Nemes\u00e1nszky Elem\u00e9r, P\u00e1r Alajos, Perner Ferenc, S\u00e1py P\u00e9ter, Schaff Zsuzsa, Solt Jen\u0151, Szalay Ferenc, Sz\u00e1nt\u00f3 Imre, Szebeni \u00c1gnes, T\u00e1rnok Ferenc, Wittmann Tibor<\/p>\n<\/div><div class=\"fusion-clearfix\"><\/div><\/div><\/div><\/div><\/div>","protected":false},"excerpt":{"rendered":"","protected":false},"author":1,"featured_media":0,"parent":69,"menu_order":0,"comment_status":"closed","ping_status":"closed","template":"100-width.php","meta":{"footnotes":""},"class_list":["post-12302","page","type-page","status-publish","hentry"],"_links":{"self":[{"href":"https:\/\/mgtiroda.hu\/en\/wp-json\/wp\/v2\/pages\/12302","targetHints":{"allow":["GET"]}}],"collection":[{"href":"https:\/\/mgtiroda.hu\/en\/wp-json\/wp\/v2\/pages"}],"about":[{"href":"https:\/\/mgtiroda.hu\/en\/wp-json\/wp\/v2\/types\/page"}],"author":[{"embeddable":true,"href":"https:\/\/mgtiroda.hu\/en\/wp-json\/wp\/v2\/users\/1"}],"replies":[{"embeddable":true,"href":"https:\/\/mgtiroda.hu\/en\/wp-json\/wp\/v2\/comments?post=12302"}],"version-history":[{"count":6,"href":"https:\/\/mgtiroda.hu\/en\/wp-json\/wp\/v2\/pages\/12302\/revisions"}],"predecessor-version":[{"id":13151,"href":"https:\/\/mgtiroda.hu\/en\/wp-json\/wp\/v2\/pages\/12302\/revisions\/13151"}],"up":[{"embeddable":true,"href":"https:\/\/mgtiroda.hu\/en\/wp-json\/wp\/v2\/pages\/69"}],"wp:attachment":[{"href":"https:\/\/mgtiroda.hu\/en\/wp-json\/wp\/v2\/media?parent=12302"}],"curies":[{"name":"wp","href":"https:\/\/api.w.org\/{rel}","templated":true}]}}