{"id":3698,"date":"2013-05-24T20:06:42","date_gmt":"2013-05-24T20:06:42","guid":{"rendered":"http:\/\/avada.theme-fusion.comxml\/?page_id=3698"},"modified":"2013-05-24T20:06:42","modified_gmt":"2013-05-24T20:06:42","slug":"timeline","status":"publish","type":"page","link":"https:\/\/mgtiroda.hu\/en\/timeline\/","title":{"rendered":"Timeline"},"content":{"rendered":"<div class=\"fusion-fullwidth fullwidth-box fusion-builder-row-1 hundred-percent-fullwidth non-hundred-percent-height-scrolling\" style=\"--awb-border-radius-top-left:0px;--awb-border-radius-top-right:0px;--awb-border-radius-bottom-right:0px;--awb-border-radius-bottom-left:0px;--awb-overflow:visible;--awb-flex-wrap:wrap;\" ><div class=\"fusion-builder-row fusion-row\"><div class=\"fusion-layout-column fusion_builder_column fusion-builder-column-0 fusion_builder_column_1_1 1_1 fusion-one-full fusion-column-first fusion-column-last fusion-column-no-min-height\" style=\"--awb-bg-size:cover;--awb-margin-bottom:0px;\"><div class=\"fusion-column-wrapper fusion-flex-column-wrapper-legacy\"><div class=\"fusion-blog-shortcode fusion-blog-shortcode-1 fusion-blog-archive fusion-blog-layout-timeline-wrapper fusion-blog-infinite\"><div class=\"fusion-posts-container fusion-posts-container-infinite fusion-blog-rollover\" data-pages=\"10\"><div class=\"fusion-timeline-icon\"><i class=\"awb-icon-bubbles\" style=\"color:#ebeaea;\" aria-hidden=\"true\"><\/i><\/div><div class=\"fusion-blog-layout-timeline fusion-clearfix\"><div class=\"fusion-timeline-line\" style=\"border-left:1px solid #ebeaea;border-right:1px solid #ebeaea;\"><\/div><h3 class=\"fusion-timeline-date\" style=\"background-color:#ebeaea;\">April 2026<\/h3><div class=\"fusion-collapse-month\"><article id=\"blog-1-post-13206\" style=\"border-color:#ebeaea;\" class=\"fusion-post-timeline fusion-clearfix fusion-left-column post-13206 post type-post status-publish format-standard hentry category-hirek\">\n<div class=\"fusion-post-wrapper\" style=\"background-color:rgba(255,255,255,0);\">\n\n<div class=\"fusion-post-content-wrapper\" style=\"padding:30px 25px 20px 25px;\"><div class=\"fusion-post-content post-content\"><div class=\"fusion-timeline-circle\" style=\"background-color:#ebeaea;\"><\/div><div class=\"fusion-timeline-arrow\" style=\"color:#ebeaea;\"><\/div><h2 class=\"blog-shortcode-post-title entry-title\"><a href=\"https:\/\/mgtiroda.hu\/en\/beszamolo-az-mgt-endoszkopos-asszisztensi-szekciojanak-2025-2026-evi-eddigi-munkajarol\/\">Besz\u00e1mol\u00f3 az MGT Endoszk\u00f3pos Asszisztensi Szekci\u00f3j\u00e1nak 2025\u20132026. \u00e9vi eddigi munk\u00e1j\u00e1r\u00f3l<\/a><\/h2><span class=\"vcard\" style=\"display: none;\"><span class=\"fn\"><a href=\"https:\/\/mgtiroda.hu\/en\/author\/andorkoferenc\/\" title=\"Posts by andorkoferenc\" rel=\"author\">andorkoferenc<\/a><\/span><\/span><span class=\"updated\" style=\"display:none;\">2026-04-20T23:31:32+02:00<\/span><div class=\"fusion-content-sep sep-double sep-solid\"><\/div><div class=\"fusion-post-content-container\"><p><\/p><p>Nagy \u00f6r\u00f6m\u00fcnkre szolg\u00e1lt, hogy 2025. j\u00fanius 12\u201315. k\u00f6z\u00f6tt Si\u00f3fokon megrendez\u00e9sre ker\u00fcl\u0151 MGT Nagygy\u0171l\u00e9sen \u00f6sszesen 196 szakdolgoz\u00f3 regisztr\u00e1lt. A szakdolgoz\u00f3i tudom\u00e1nyos napot hagyom\u00e1nyainkhoz h\u00edven az IBD n\u0151v\u00e9rek el\u0151ad\u00e1sai nyitott\u00e1k meg, ezt k\u00f6vet\u0151en az Endoszk\u00f3pos Asszisztensi Szekci\u00f3<a href=\"https:\/\/mgtiroda.hu\/en\/beszamolo-az-mgt-endoszkopos-asszisztensi-szekciojanak-2025-2026-evi-eddigi-munkajarol\/\"> [...]<\/a><\/p><\/div><\/div><\/div><div class=\"fusion-clearfix\"><\/div><\/div>\n<\/article>\n<\/div><h3 class=\"fusion-timeline-date\" style=\"background-color:#ebeaea;\">October 2025<\/h3><div class=\"fusion-collapse-month\"><article id=\"blog-1-post-13161\" style=\"border-color:#ebeaea;\" class=\"fusion-post-timeline fusion-clearfix fusion-right-column post-13161 post type-post status-publish format-standard hentry category-allashirdetesek category-hirek\">\n<div class=\"fusion-post-wrapper\" style=\"background-color:rgba(255,255,255,0);\">\n\n<div class=\"fusion-post-content-wrapper\" style=\"padding:30px 25px 20px 25px;\"><div class=\"fusion-post-content post-content\"><div class=\"fusion-timeline-circle\" style=\"background-color:#ebeaea;\"><\/div><div class=\"fusion-timeline-arrow\" style=\"color:#ebeaea;\"><\/div><h2 class=\"blog-shortcode-post-title entry-title\"><a href=\"https:\/\/mgtiroda.hu\/en\/allashirdetes-gasztroenterologus-szakorvos\/\">\u00c1ll\u00e1shirdet\u00e9s &#8211; gasztroenterol\u00f3gus szakorvos<\/a><\/h2><span class=\"vcard\" style=\"display: none;\"><span class=\"fn\"><a href=\"https:\/\/mgtiroda.hu\/en\/author\/andorkoferenc\/\" title=\"Posts by andorkoferenc\" rel=\"author\">andorkoferenc<\/a><\/span><\/span><span class=\"updated\" style=\"display:none;\">2025-10-14T10:59:48+02:00<\/span><div class=\"fusion-content-sep sep-double sep-solid\"><\/div><div class=\"fusion-post-content-container\"><p><\/p><p>A Duna\u00fajv\u00e1rosi Szent Pantaleon K\u00f3rh\u00e1z-Rendel\u0151int\u00e9zet \u2013 a Semmelweis Egyetem Gyakorl\u00f3 K\u00f3rh\u00e1za \u2013\u00a0gasztroenterol\u00f3gus szakorvost keres. A munkak\u00f6r azonnal bet\u00f6lthet\u0151. Kiemelt b\u00e9rez\u00e9s, lakhat\u00e1si vagy utaz\u00e1si t\u00e1mogat\u00e1s, teljes vagy r\u00e9szmunkaid\u0151ben, eg\u00e9szs\u00e9g\u00fcgyi szolg\u00e1lati jogviszonyban. <a href=\"https:\/\/mgtiroda.hu\/en\/allashirdetes-gasztroenterologus-szakorvos\/\"> [\u2026]<\/a><\/p>\n<\/div><\/div><\/div><div class=\"fusion-clearfix\"><\/div><\/div>\n<\/article>\n<\/div><h3 class=\"fusion-timeline-date\" style=\"background-color:#ebeaea;\">January 2025<\/h3><div class=\"fusion-collapse-month\"><article id=\"blog-1-post-13103\" style=\"border-color:#ebeaea;\" class=\"fusion-post-timeline fusion-clearfix fusion-left-column post-13103 post type-post status-publish format-standard hentry category-hirek\">\n<div class=\"fusion-post-wrapper\" style=\"background-color:rgba(255,255,255,0);\">\n\n<div class=\"fusion-post-content-wrapper\" style=\"padding:30px 25px 20px 25px;\"><div class=\"fusion-post-content post-content\"><div class=\"fusion-timeline-circle\" style=\"background-color:#ebeaea;\"><\/div><div class=\"fusion-timeline-arrow\" style=\"color:#ebeaea;\"><\/div><h2 class=\"blog-shortcode-post-title entry-title\"><a href=\"https:\/\/mgtiroda.hu\/en\/ibd-iskola-2025\/\">IBD iskola 2025<\/a><\/h2><span class=\"vcard\" style=\"display: none;\"><span class=\"fn\"><a href=\"https:\/\/mgtiroda.hu\/en\/author\/andorkoferenc\/\" title=\"Posts by andorkoferenc\" rel=\"author\">andorkoferenc<\/a><\/span><\/span><span class=\"updated\" style=\"display:none;\">2025-01-07T20:34:49+01:00<\/span><div class=\"fusion-content-sep sep-double sep-solid\"><\/div><div class=\"fusion-post-content-container\"><p><\/p><p>AZ IBD iskola 2023 \u00f3ta ker\u00fcl megrendez\u00e9sre a gasztroenterol\u00f3giai szakvizsg\u00e1hoz k\u00f6telez\u0151en el\u0151\u00edrt tanfolyamok r\u00e9szek\u00e9nt. A soron k\u00f6vetkez\u0151 k\u00e9pz\u00e9s 2025. m\u00e1rcius 21-22-\u00e9n a SZTE Gasztroenterol\u00f3giai Centrum szervez\u00e9s\u00e9ben val\u00f3sul meg. <a href=\"https:\/\/mgtiroda.hu\/en\/ibd-iskola-2025\/\"> [\u2026]<\/a><\/p>\n<\/div><\/div><\/div><div class=\"fusion-clearfix\"><\/div><\/div>\n<\/article>\n<article id=\"blog-1-post-13100\" style=\"border-color:#ebeaea;\" class=\"fusion-post-timeline fusion-clearfix fusion-right-column post-13100 post type-post status-publish format-standard hentry category-hirek\">\n<div class=\"fusion-post-wrapper\" style=\"background-color:rgba(255,255,255,0);\">\n\n<div class=\"fusion-post-content-wrapper\" style=\"padding:30px 25px 20px 25px;\"><div class=\"fusion-post-content post-content\"><div class=\"fusion-timeline-circle\" style=\"background-color:#ebeaea;\"><\/div><div class=\"fusion-timeline-arrow\" style=\"color:#ebeaea;\"><\/div><h2 class=\"blog-shortcode-post-title entry-title\"><a href=\"https:\/\/mgtiroda.hu\/en\/aktualis-tajekoztato-mgt-67-nagygyules-2025\/\">Aktu\u00e1lis t\u00e1j\u00e9koztat\u00f3 (MGT 67. Nagygy\u0171l\u00e9s ~ 2025)<\/a><\/h2><span class=\"vcard\" style=\"display: none;\"><span class=\"fn\"><a href=\"https:\/\/mgtiroda.hu\/en\/author\/andorkoferenc\/\" title=\"Posts by andorkoferenc\" rel=\"author\">andorkoferenc<\/a><\/span><\/span><span class=\"updated\" style=\"display:none;\">2025-02-10T12:27:08+01:00<\/span><div class=\"fusion-content-sep sep-double sep-solid\"><\/div><div class=\"fusion-post-content-container\"><p><\/p><p>Az\u00a0MGT 67. Nagygy\u0171l\u00e9se Si\u00f3fokon\u00a0a Hotel Az\u00farban lesz 2025.06.12-15. k\u00f6z\u00f6tt. <a href=\"https:\/\/mgtiroda.hu\/en\/aktualis-tajekoztato-mgt-67-nagygyules-2025\/\"> [\u2026]<\/a><\/p>\n<\/div><\/div><\/div><div class=\"fusion-clearfix\"><\/div><\/div>\n<\/article>\n<\/div><h3 class=\"fusion-timeline-date\" style=\"background-color:#ebeaea;\">June 2024<\/h3><div class=\"fusion-collapse-month\"><article id=\"blog-1-post-13059\" style=\"border-color:#ebeaea;\" class=\"fusion-post-timeline fusion-clearfix fusion-left-column post-13059 post type-post status-publish format-standard hentry category-hirek\">\n<div class=\"fusion-post-wrapper\" style=\"background-color:rgba(255,255,255,0);\">\n\n<div class=\"fusion-post-content-wrapper\" style=\"padding:30px 25px 20px 25px;\"><div class=\"fusion-post-content post-content\"><div class=\"fusion-timeline-circle\" style=\"background-color:#ebeaea;\"><\/div><div class=\"fusion-timeline-arrow\" style=\"color:#ebeaea;\"><\/div><h2 class=\"blog-shortcode-post-title entry-title\"><a href=\"https:\/\/mgtiroda.hu\/en\/klinikai-belgyogyaszat-monografia\/\">Klinikai belgy\u00f3gy\u00e1szat monogr\u00e1fia<\/a><\/h2><span class=\"vcard\" style=\"display: none;\"><span class=\"fn\"><a href=\"https:\/\/mgtiroda.hu\/en\/author\/andorkoferenc\/\" title=\"Posts by andorkoferenc\" rel=\"author\">andorkoferenc<\/a><\/span><\/span><span class=\"updated\" style=\"display:none;\">2024-06-14T23:03:28+02:00<\/span><div class=\"fusion-content-sep sep-double sep-solid\"><\/div><div class=\"fusion-post-content-container\"><p>Kedvezm\u00e9nyes \u00e1r az \u00fcnnepi k\u00f6nyvh\u00e9ten.<\/p><\/div><\/div><\/div><div class=\"fusion-clearfix\"><\/div><\/div>\n<\/article>\n<\/div><h3 class=\"fusion-timeline-date\" style=\"background-color:#ebeaea;\">February 2024<\/h3><div class=\"fusion-collapse-month\"><article id=\"blog-1-post-13014\" style=\"border-color:#ebeaea;\" class=\"fusion-post-timeline fusion-clearfix fusion-right-column post-13014 post type-post status-publish format-standard hentry category-hirek\">\n<div class=\"fusion-post-wrapper\" style=\"background-color:rgba(255,255,255,0);\">\n\n<div class=\"fusion-post-content-wrapper\" style=\"padding:30px 25px 20px 25px;\"><div class=\"fusion-post-content post-content\"><div class=\"fusion-timeline-circle\" style=\"background-color:#ebeaea;\"><\/div><div class=\"fusion-timeline-arrow\" style=\"color:#ebeaea;\"><\/div><h2 class=\"blog-shortcode-post-title entry-title\"><a href=\"https:\/\/mgtiroda.hu\/en\/mgt-66-nagygyulese-absztrakt-bekuldes\/\">MGT 66. Nagygy\u0171l\u00e9se &#8211; Absztrakt Bek\u00fcld\u00e9s<\/a><\/h2><span class=\"vcard\" style=\"display: none;\"><span class=\"fn\"><a href=\"https:\/\/mgtiroda.hu\/en\/author\/andorkoferenc\/\" title=\"Posts by andorkoferenc\" rel=\"author\">andorkoferenc<\/a><\/span><\/span><span class=\"updated\" style=\"display:none;\">2024-02-19T16:18:24+01:00<\/span><div class=\"fusion-content-sep sep-double sep-solid\"><\/div><div class=\"fusion-post-content-container\"><p>Tisztelt MGT Tag! Eml\u00e9keztetj\u00fck, hogy 66. Nagygy\u0171l\u00e9sre az absztrakt bek\u00fcld\u00e9si hat\u00e1rid\u0151 2024.03.17. Az \u00f6sszefoglal\u00f3k a CEU-JGH supplementum\u00e1ban, a programmal egy\u00fctt fognak megjelenni. A bek\u00fcld\u00e9si link: https:\/\/akr.mgtiroda.hu\/ Ne hagyja az utols\u00f3 percre! \u00dcdv\u00f6zlettel MGT \u00c1lland\u00f3 Iroda<\/p><\/div><\/div><\/div><div class=\"fusion-clearfix\"><\/div><\/div>\n<\/article>\n<\/div><\/div><\/div><div class=\"fusion-infinite-scroll-trigger\"><\/div><div class=\"pagination infinite-scroll clearfix\" style=\"display:none;\"><span class=\"current\">1<\/span><a href=\"https:\/\/mgtiroda.hu\/en\/wp-json\/wp\/v2\/pages\/3698\/page\/2\/\" class=\"inactive\">2<\/a><a class=\"pagination-next\" rel=\"next\" href=\"https:\/\/mgtiroda.hu\/en\/wp-json\/wp\/v2\/pages\/3698\/page\/2\/\"><span class=\"page-text\">Next<\/span><span class=\"page-next\"><\/span><\/a><\/div><div class=\"fusion-clearfix\"><\/div><\/div><div class=\"fusion-clearfix\"><\/div><\/div><\/div><\/div><\/div>\n","protected":false},"excerpt":{"rendered":"","protected":false},"author":1,"featured_media":0,"parent":0,"menu_order":0,"comment_status":"open","ping_status":"closed","template":"","meta":{"footnotes":""},"class_list":["post-3698","page","type-page","status-publish","hentry"],"_links":{"self":[{"href":"https:\/\/mgtiroda.hu\/en\/wp-json\/wp\/v2\/pages\/3698","targetHints":{"allow":["GET"]}}],"collection":[{"href":"https:\/\/mgtiroda.hu\/en\/wp-json\/wp\/v2\/pages"}],"about":[{"href":"https:\/\/mgtiroda.hu\/en\/wp-json\/wp\/v2\/types\/page"}],"author":[{"embeddable":true,"href":"https:\/\/mgtiroda.hu\/en\/wp-json\/wp\/v2\/users\/1"}],"replies":[{"embeddable":true,"href":"https:\/\/mgtiroda.hu\/en\/wp-json\/wp\/v2\/comments?post=3698"}],"version-history":[{"count":0,"href":"https:\/\/mgtiroda.hu\/en\/wp-json\/wp\/v2\/pages\/3698\/revisions"}],"wp:attachment":[{"href":"https:\/\/mgtiroda.hu\/en\/wp-json\/wp\/v2\/media?parent=3698"}],"curies":[{"name":"wp","href":"https:\/\/api.w.org\/{rel}","templated":true}]}}